{"id":8897,"date":"2025-02-18T11:04:12","date_gmt":"2025-02-18T14:04:12","guid":{"rendered":"https:\/\/juventudes.social.mg.gov.br\/?page_id=8897"},"modified":"2026-03-27T14:05:19","modified_gmt":"2026-03-27T17:05:19","slug":"ata","status":"publish","type":"page","link":"https:\/\/juventudes.social.mg.gov.br\/?page_id=8897","title":{"rendered":"Atas"},"content":{"rendered":"\t\t<div data-elementor-type=\"wp-page\" data-elementor-id=\"8897\" class=\"elementor elementor-8897\">\n\t\t\t\t<div class=\"elementor-element elementor-element-f78bbb3 e-flex e-con-boxed e-con e-parent\" data-id=\"f78bbb3\" data-element_type=\"container\">\n\t\t\t\t\t<div class=\"e-con-inner\">\n\t\t\t\t<div class=\"elementor-element elementor-element-4241a1c elementor-widget__width-initial elementor-widget elementor-widget-heading\" data-id=\"4241a1c\" data-element_type=\"widget\" data-widget_type=\"heading.default\">\n\t\t\t\t<div class=\"elementor-widget-container\">\n\t\t\t\t\t<h2 class=\"elementor-heading-title elementor-size-default\">Atas<\/h2>\t\t\t\t<\/div>\n\t\t\t\t<\/div>\n\t\t\t\t\t<\/div>\n\t\t\t\t<\/div>\n\t\t<div class=\"elementor-element elementor-element-8d548a0 e-flex e-con-boxed e-con e-parent\" data-id=\"8d548a0\" data-element_type=\"container\">\n\t\t\t\t\t<div class=\"e-con-inner\">\n\t\t\t\t<div class=\"elementor-element elementor-element-282c2e9 elementor-widget__width-initial elementor-widget elementor-widget-eael-adv-tabs\" data-id=\"282c2e9\" data-element_type=\"widget\" data-widget_type=\"eael-adv-tabs.default\">\n\t\t\t\t<div class=\"elementor-widget-container\">\n\t\t\t\t\t        <div data-scroll-on-click=\"no\" data-scroll-speed=\"300\" id=\"eael-advance-tabs-282c2e9\" class=\"eael-advance-tabs eael-tabs-horizontal eael-tab-auto-active \" data-tabid=\"282c2e9\">\n            <div class=\"eael-tabs-nav \">\n                <ul class=\"eael-tab-inline-icon\" role=\"tablist\">\n                                            <li id=\"2026\" class=\"inactive eael-tab-item-trigger eael-tab-nav-item\" aria-selected=\"true\" data-tab=\"1\" role=\"tab\" tabindex=\"0\" aria-controls=\"2026-tab\" aria-expanded=\"false\">\n                            \n                                                                <svg class=\"e-font-icon-svg e-fas-file-signature\" viewBox=\"0 0 576 512\" xmlns=\"http:\/\/www.w3.org\/2000\/svg\"><path d=\"M218.17 424.14c-2.95-5.92-8.09-6.52-10.17-6.52s-7.22.59-10.02 6.19l-7.67 15.34c-6.37 12.78-25.03 11.37-29.48-2.09L144 386.59l-10.61 31.88c-5.89 17.66-22.38 29.53-41 29.53H80c-8.84 0-16-7.16-16-16s7.16-16 16-16h12.39c4.83 0 9.11-3.08 10.64-7.66l18.19-54.64c3.3-9.81 12.44-16.41 22.78-16.41s19.48 6.59 22.77 16.41l13.88 41.64c19.75-16.19 54.06-9.7 66 14.16 1.89 3.78 5.49 5.95 9.36 6.26v-82.12l128-127.09V160H248c-13.2 0-24-10.8-24-24V0H24C10.7 0 0 10.7 0 24v464c0 13.3 10.7 24 24 24h336c13.3 0 24-10.7 24-24v-40l-128-.11c-16.12-.31-30.58-9.28-37.83-23.75zM384 121.9c0-6.3-2.5-12.4-7-16.9L279.1 7c-4.5-4.5-10.6-7-17-7H256v128h128v-6.1zm-96 225.06V416h68.99l161.68-162.78-67.88-67.88L288 346.96zm280.54-179.63l-31.87-31.87c-9.94-9.94-26.07-9.94-36.01 0l-27.25 27.25 67.88 67.88 27.25-27.25c9.95-9.94 9.95-26.07 0-36.01z\"><\/path><\/svg>                                                            \n                                                            <span class=\"eael-tab-title title-after-icon\" >2026<\/span>                            \n                                                    <\/li>\n                                            <li id=\"2025\" class=\"inactive eael-tab-item-trigger eael-tab-nav-item\" aria-selected=\"false\" data-tab=\"2\" role=\"tab\" tabindex=\"-1\" aria-controls=\"2025-tab\" aria-expanded=\"false\">\n                            \n                                                                <svg class=\"e-font-icon-svg e-far-file\" viewBox=\"0 0 384 512\" xmlns=\"http:\/\/www.w3.org\/2000\/svg\"><path d=\"M369.9 97.9L286 14C277 5 264.8-.1 252.1-.1H48C21.5 0 0 21.5 0 48v416c0 26.5 21.5 48 48 48h288c26.5 0 48-21.5 48-48V131.9c0-12.7-5.1-25-14.1-34zM332.1 128H256V51.9l76.1 76.1zM48 464V48h160v104c0 13.3 10.7 24 24 24h104v288H48z\"><\/path><\/svg>                                                            \n                                                            <span class=\"eael-tab-title title-after-icon\" >2025<\/span>                            \n                                                    <\/li>\n                                            <li id=\"2024\" class=\"inactive eael-tab-item-trigger eael-tab-nav-item\" aria-selected=\"false\" data-tab=\"3\" role=\"tab\" tabindex=\"-1\" aria-controls=\"2024-tab\" aria-expanded=\"false\">\n                            \n                                                                <svg class=\"e-font-icon-svg e-far-file\" viewBox=\"0 0 384 512\" xmlns=\"http:\/\/www.w3.org\/2000\/svg\"><path d=\"M369.9 97.9L286 14C277 5 264.8-.1 252.1-.1H48C21.5 0 0 21.5 0 48v416c0 26.5 21.5 48 48 48h288c26.5 0 48-21.5 48-48V131.9c0-12.7-5.1-25-14.1-34zM332.1 128H256V51.9l76.1 76.1zM48 464V48h160v104c0 13.3 10.7 24 24 24h104v288H48z\"><\/path><\/svg>                                                            \n                                                            <span class=\"eael-tab-title title-after-icon\" >2024<\/span>                            \n                                                    <\/li>\n                                            <li id=\"2023\" class=\"inactive eael-tab-item-trigger eael-tab-nav-item\" aria-selected=\"false\" data-tab=\"4\" role=\"tab\" tabindex=\"-1\" aria-controls=\"2023-tab\" aria-expanded=\"false\">\n                            \n                                                                <svg class=\"e-font-icon-svg e-far-file\" viewBox=\"0 0 384 512\" xmlns=\"http:\/\/www.w3.org\/2000\/svg\"><path d=\"M369.9 97.9L286 14C277 5 264.8-.1 252.1-.1H48C21.5 0 0 21.5 0 48v416c0 26.5 21.5 48 48 48h288c26.5 0 48-21.5 48-48V131.9c0-12.7-5.1-25-14.1-34zM332.1 128H256V51.9l76.1 76.1zM48 464V48h160v104c0 13.3 10.7 24 24 24h104v288H48z\"><\/path><\/svg>                                                            \n                                                            <span class=\"eael-tab-title title-after-icon\" >2023<\/span>                            \n                                                    <\/li>\n                    \n                                  <\/ul>\n            <\/div>\n            \n            <div class=\"eael-tabs-content\">\n\t\t        \n                    <div id=\"2026-tab\" class=\"clearfix eael-tab-content-item inactive\" data-title-link=\"2026-tab\">\n\t\t\t\t        <ul><li data-olk-copy-source=\"MessageBody\"><a href=\"https:\/\/juventudes.social.mg.gov.br\/?attachment_id=9349\">Plen\u00e1ria extraordin\u00e1ria \u2013 28\/01\/2026<\/a><\/li><li><a href=\"https:\/\/juventudes.social.mg.gov.br\/?attachment_id=9350\">Plen\u00e1ria ordin\u00e1ria \u2013 10\/02\/2026<\/a><\/li><li>Plen\u00e1ria ordin\u00e1ria \u2013 10\/03\/2026 EM ELABORA\u00c7\u00c3O<\/li><\/ul>                    <\/div>\n\t\t        \n                    <div id=\"2025-tab\" class=\"clearfix eael-tab-content-item inactive\" data-title-link=\"2025-tab\">\n\t\t\t\t        <ul style=\"list-style-type: circle;\"><li><a href=\"https:\/\/juventudes.social.mg.gov.br\/?attachment_id=9283\">Plen\u00e1ria Ordin\u00e1ria &#8211; 28\/01\/2025<\/a><\/li><li><a href=\"https:\/\/juventudes.social.mg.gov.br\/wp-content\/uploads\/2025\/12\/ata-28-01-2025.pdf\">Plen\u00e1ria Ordin\u00e1ria &#8211; 11\/02\/2025<\/a><\/li><li><a href=\"https:\/\/juventudes.social.mg.gov.br\/wp-content\/uploads\/2025\/12\/ata-28-01-2025.pdf\">Plen\u00e1ria Ordin\u00e1ria &#8211; 26\/03\/2025<\/a><\/li><li><a href=\"https:\/\/juventudes.social.mg.gov.br\/wp-content\/uploads\/2025\/12\/ata-28-01-2025.pdf\">Plen\u00e1ria Ordin\u00e1ria &#8211; 13\/05\/2025<\/a><\/li><li><a href=\"https:\/\/juventudes.social.mg.gov.br\/wp-content\/uploads\/2025\/12\/ata-28-01-2025.pdf\">Plen\u00e1ria Ordin\u00e1ria &#8211; 10\/06\/2025<\/a><\/li><li data-olk-copy-source=\"MessageBody\"><a href=\"https:\/\/juventudes.social.mg.gov.br\/?attachment_id=9326\">Plen\u00e1ria extraordin\u00e1ria \u2013 15\/07\/2025 \u2013 Cancelada<\/a><\/li><li><a href=\"https:\/\/juventudes.social.mg.gov.br\/?attachment_id=9325\">Plen\u00e1ria extraordin\u00e1ria \u2013 13\/08\/2025 \u2013 Cancelada<\/a><\/li><li><a href=\"https:\/\/juventudes.social.mg.gov.br\/?attachment_id=9330\">Plen\u00e1ria extraordin\u00e1ria \u2013 28\/08\/2025<\/a><\/li><li><a href=\"https:\/\/juventudes.social.mg.gov.br\/?attachment_id=9328\">Plen\u00e1ria extraordin\u00e1ria \u2013 22\/10\/2025 \u2013 Cancelada<\/a><\/li><li><a href=\"https:\/\/juventudes.social.mg.gov.br\/?attachment_id=9329\">Plen\u00e1ria extraordin\u00e1ria \u2013 29\/10\/2025 \u2013 Cancelada<\/a><\/li><li><a href=\"https:\/\/juventudes.social.mg.gov.br\/?attachment_id=9327\">Plen\u00e1ria extraordin\u00e1ria \u2013 18\/11\/2025<\/a><\/li><li><a href=\"https:\/\/juventudes.social.mg.gov.br\/?attachment_id=9324\">Plen\u00e1ria extraordin\u00e1ria \u2013 11\/12\/2025<\/a><\/li><li data-olk-copy-source=\"MessageBody\"><a href=\"https:\/\/juventudes.social.mg.gov.br\/?attachment_id=9343\">Plen\u00e1ria Extraordin\u00e1ria \u2013 28\/08\/2025<\/a><\/li><li><a href=\"https:\/\/juventudes.social.mg.gov.br\/?attachment_id=9344\">Plen\u00e1ria Extraordin\u00e1ria \u2013 18\/11\/2025<\/a><\/li><li><a href=\"https:\/\/juventudes.social.mg.gov.br\/?attachment_id=9345\">Plen\u00e1ria Extraordin\u00e1ria (Presencial) \u2013 11\/12\/2025<\/a><\/li><\/ul>                    <\/div>\n\t\t        \n                    <div id=\"2024-tab\" class=\"clearfix eael-tab-content-item inactive\" data-title-link=\"2024-tab\">\n\t\t\t\t        <ul style=\"list-style-type: circle;\"><li><a href=\"https:\/\/juventudes.social.mg.gov.br\/wp-content\/uploads\/2025\/02\/ata-30-01-24.pdf\">Plen\u00e1ria Ordin\u00e1ria &#8211; 30\/01\/2024<\/a><\/li><li><a href=\"https:\/\/juventudes.social.mg.gov.br\/wp-content\/uploads\/2025\/02\/ata-06-02-24.pdf\">Plen\u00e1ria Ordin\u00e1ria &#8211; 06\/02\/2024<\/a><\/li><li><a href=\"https:\/\/juventudes.social.mg.gov.br\/wp-content\/uploads\/2025\/02\/ata-08-03-24.pdf\">Plen\u00e1ria Extraordin\u00e1ria &#8211; 08\/03\/2024<\/a><\/li><li><a href=\"https:\/\/juventudes.social.mg.gov.br\/wp-content\/uploads\/2025\/02\/ata-26-03-24.pdf\">Plen\u00e1ria Extraordin\u00e1ria &#8211; 26\/03\/2024<\/a><\/li><li><a href=\"https:\/\/juventudes.social.mg.gov.br\/wp-content\/uploads\/2025\/02\/ata-09-04-24.pdf\">Plen\u00e1ria Extraordin\u00e1ria &#8211; 09\/04\/2024<\/a><\/li><li><a href=\"https:\/\/juventudes.social.mg.gov.br\/wp-content\/uploads\/2025\/02\/ata-23-04-24.pdf\">Plen\u00e1ria Extraordin\u00e1ria &#8211; 23\/04\/2024<\/a><\/li><li><a href=\"https:\/\/juventudes.social.mg.gov.br\/wp-content\/uploads\/2025\/02\/ata-29-05-24.pdf\">Plen\u00e1ria Extraordin\u00e1ria &#8211; 29\/05\/2024<\/a><\/li><li><a href=\"https:\/\/juventudes.social.mg.gov.br\/wp-content\/uploads\/2025\/02\/ata-09-07-24.pdf\">Plen\u00e1ria Ordin\u00e1ria &#8211; 09\/07\/2024<\/a><\/li><\/ul>                    <\/div>\n\t\t        \n                    <div id=\"2023-tab\" class=\"clearfix eael-tab-content-item inactive\" data-title-link=\"2023-tab\">\n\t\t\t\t        <ul style=\"list-style-type: circle;\"><li><a href=\"https:\/\/juventudes.social.mg.gov.br\/wp-content\/uploads\/2025\/02\/ata-14-02-23.pdf\">Plen\u00e1ria Extraordin\u00e1ria &#8211; 14\/02\/2023<\/a>\u00a0<\/li><li><a href=\"https:\/\/juventudes.social.mg.gov.br\/wp-content\/uploads\/2025\/02\/ata-14-03-23.pdf\">Plen\u00e1ria Ordin\u00e1ria &#8211; 14\/03\/2023<\/a><\/li><li><a href=\"https:\/\/juventudes.social.mg.gov.br\/wp-content\/uploads\/2025\/02\/ata-11-04-23.pdf\">Plen\u00e1ria Ordin\u00e1ria &#8211; 11\/04\/2023<\/a>\u00a0<\/li><li><a href=\"https:\/\/juventudes.social.mg.gov.br\/wp-content\/uploads\/2025\/02\/ata-16-05-23.pdf\">Plen\u00e1ria Ordin\u00e1ria &#8211; 16\/05\/2023<\/a>\u00a0<\/li><li><a href=\"https:\/\/juventudes.social.mg.gov.br\/wp-content\/uploads\/2025\/02\/ata-13-06-23.pdf\">Plen\u00e1ria Ordin\u00e1ria &#8211; 13\/06\/2023<\/a>\u00a0<\/li><li><a href=\"https:\/\/juventudes.social.mg.gov.br\/wp-content\/uploads\/2025\/02\/ata-11-07-23.pdf\">Plen\u00e1ria Ordin\u00e1ria &#8211; 11\/07\/2023<\/a>\u00a0<\/li><li><a href=\"https:\/\/juventudes.social.mg.gov.br\/wp-content\/uploads\/2025\/02\/ata-08-08-23.pdf\">Plen\u00e1ria Ordin\u00e1ria &#8211; 08\/08\/2023<\/a>\u00a0<\/li><li><a href=\"https:\/\/juventudes.social.mg.gov.br\/wp-content\/uploads\/2025\/02\/ata-12-09-23.pdf\">Plen\u00e1ria Ordin\u00e1ria &#8211; 12\/09\/2023<\/a>\u00a0<\/li><li><a href=\"https:\/\/juventudes.social.mg.gov.br\/wp-content\/uploads\/2025\/02\/ata-26-09-23.pdf\">Plen\u00e1ria Extraordin\u00e1ria &#8211; 26\/09\/2023<\/a>\u00a0<\/li><li><a href=\"https:\/\/juventudes.social.mg.gov.br\/wp-content\/uploads\/2025\/02\/ata-21-11-23.pdf\">Plen\u00e1ria Ordin\u00e1ria &#8211; 21\/11\/2023<\/a>\u00a0<\/li><\/ul>                    <\/div>\n\t\t                    <\/div>\n        <\/div>\n\t\t\t\t<\/div>\n\t\t\t\t<\/div>\n\t\t\t\t\t<\/div>\n\t\t\t\t<\/div>\n\t\t<div class=\"elementor-element elementor-element-d370de9 e-flex e-con-boxed e-con e-parent\" data-id=\"d370de9\" data-element_type=\"container\">\n\t\t\t\t\t<div class=\"e-con-inner\">\n\t\t\t\t<div class=\"elementor-element elementor-element-9d9b25f elementor-widget elementor-widget-spacer\" data-id=\"9d9b25f\" data-element_type=\"widget\" data-widget_type=\"spacer.default\">\n\t\t\t\t<div class=\"elementor-widget-container\">\n\t\t\t\t\t\t\t<div class=\"elementor-spacer\">\n\t\t\t<div class=\"elementor-spacer-inner\"><\/div>\n\t\t<\/div>\n\t\t\t\t\t\t<\/div>\n\t\t\t\t<\/div>\n\t\t\t\t\t<\/div>\n\t\t\t\t<\/div>\n\t\t\t\t<\/div>\n\t\t","protected":false},"excerpt":{"rendered":"<p>Atas 2026 2025 2024 2023 Plen\u00e1ria extraordin\u00e1ria \u2013 28\/01\/2026 Plen\u00e1ria ordin\u00e1ria \u2013 10\/02\/2026 Plen\u00e1ria ordin\u00e1ria \u2013 10\/03\/2026 EM ELABORA\u00c7\u00c3O Plen\u00e1ria Ordin\u00e1ria &#8211; 28\/01\/2025 Plen\u00e1ria Ordin\u00e1ria &#8211; 11\/02\/2025 Plen\u00e1ria Ordin\u00e1ria &#8211; 26\/03\/2025 Plen\u00e1ria Ordin\u00e1ria &#8211; 13\/05\/2025 Plen\u00e1ria Ordin\u00e1ria &#8211; 10\/06\/2025 Plen\u00e1ria extraordin\u00e1ria \u2013 15\/07\/2025 \u2013 Cancelada Plen\u00e1ria extraordin\u00e1ria \u2013 13\/08\/2025 \u2013 Cancelada Plen\u00e1ria extraordin\u00e1ria \u2013 28\/08\/2025 &hellip; <\/p>\n<p class=\"link-more\"><a href=\"https:\/\/juventudes.social.mg.gov.br\/?page_id=8897\" class=\"more-link\">Leia mais<span class=\"screen-reader-text\"> &#8220;Atas&#8221;<\/span><\/a><\/p>\n","protected":false},"author":7,"featured_media":7579,"parent":5592,"menu_order":0,"comment_status":"closed","ping_status":"closed","template":"page-templates\/full-width-builder-bb.php","meta":{"footnotes":""},"class_list":["post-8897","page","type-page","status-publish","has-post-thumbnail","hentry"],"aioseo_notices":[],"featured_media_urls":{"thumbnail":["https:\/\/juventudes.social.mg.gov.br\/wp-content\/uploads\/2023\/09\/MARCA-4-150x150.png",150,150,true],"medium":["https:\/\/juventudes.social.mg.gov.br\/wp-content\/uploads\/2023\/09\/MARCA-4-300x169.png",300,169,true],"medium_large":["https:\/\/juventudes.social.mg.gov.br\/wp-content\/uploads\/2023\/09\/MARCA-4-768x432.png",768,432,true],"large":["https:\/\/juventudes.social.mg.gov.br\/wp-content\/uploads\/2023\/09\/MARCA-4-1024x576.png",950,534,true],"1536x1536":["https:\/\/juventudes.social.mg.gov.br\/wp-content\/uploads\/2023\/09\/MARCA-4-1536x864.png",1536,864,true],"2048x2048":["https:\/\/juventudes.social.mg.gov.br\/wp-content\/uploads\/2023\/09\/MARCA-4-2048x2048.png",2048,2048,true],"inspiro-featured-image":["https:\/\/juventudes.social.mg.gov.br\/wp-content\/uploads\/2023\/09\/MARCA-4-2000x1125.png",2000,1125,true],"inspiro-loop":["https:\/\/juventudes.social.mg.gov.br\/wp-content\/uploads\/2023\/09\/MARCA-4-950x320.png",950,320,true],"inspiro-loop@2x":["https:\/\/juventudes.social.mg.gov.br\/wp-content\/uploads\/2023\/09\/MARCA-4-1900x640.png",1900,640,true],"portfolio_item-thumbnail":["https:\/\/juventudes.social.mg.gov.br\/wp-content\/uploads\/2023\/09\/MARCA-4-600x400.png",600,400,true],"portfolio_item-thumbnail@2x":["https:\/\/juventudes.social.mg.gov.br\/wp-content\/uploads\/2023\/09\/MARCA-4-1200x800.png",1200,800,true],"portfolio_item-masonry":["https:\/\/juventudes.social.mg.gov.br\/wp-content\/uploads\/2023\/09\/MARCA-4-600x338.png",600,338,true],"portfolio_item-masonry@2x":["https:\/\/juventudes.social.mg.gov.br\/wp-content\/uploads\/2023\/09\/MARCA-4-1200x675.png",1200,675,true],"portfolio_item-thumbnail_cinema":["https:\/\/juventudes.social.mg.gov.br\/wp-content\/uploads\/2023\/09\/MARCA-4-800x335.png",800,335,true],"portfolio_item-thumbnail_portrait":["https:\/\/juventudes.social.mg.gov.br\/wp-content\/uploads\/2023\/09\/MARCA-4-600x900.png",600,900,true],"portfolio_item-thumbnail_portrait@2x":["https:\/\/juventudes.social.mg.gov.br\/wp-content\/uploads\/2023\/09\/MARCA-4-1200x1080.png",1200,1080,true],"portfolio_item-thumbnail_square":["https:\/\/juventudes.social.mg.gov.br\/wp-content\/uploads\/2023\/09\/MARCA-4-800x800.png",800,800,true]},"_links":{"self":[{"href":"https:\/\/juventudes.social.mg.gov.br\/index.php?rest_route=\/wp\/v2\/pages\/8897","targetHints":{"allow":["GET"]}}],"collection":[{"href":"https:\/\/juventudes.social.mg.gov.br\/index.php?rest_route=\/wp\/v2\/pages"}],"about":[{"href":"https:\/\/juventudes.social.mg.gov.br\/index.php?rest_route=\/wp\/v2\/types\/page"}],"author":[{"embeddable":true,"href":"https:\/\/juventudes.social.mg.gov.br\/index.php?rest_route=\/wp\/v2\/users\/7"}],"replies":[{"embeddable":true,"href":"https:\/\/juventudes.social.mg.gov.br\/index.php?rest_route=%2Fwp%2Fv2%2Fcomments&post=8897"}],"version-history":[{"count":119,"href":"https:\/\/juventudes.social.mg.gov.br\/index.php?rest_route=\/wp\/v2\/pages\/8897\/revisions"}],"predecessor-version":[{"id":9404,"href":"https:\/\/juventudes.social.mg.gov.br\/index.php?rest_route=\/wp\/v2\/pages\/8897\/revisions\/9404"}],"up":[{"embeddable":true,"href":"https:\/\/juventudes.social.mg.gov.br\/index.php?rest_route=\/wp\/v2\/pages\/5592"}],"wp:featuredmedia":[{"embeddable":true,"href":"https:\/\/juventudes.social.mg.gov.br\/index.php?rest_route=\/wp\/v2\/media\/7579"}],"wp:attachment":[{"href":"https:\/\/juventudes.social.mg.gov.br\/index.php?rest_route=%2Fwp%2Fv2%2Fmedia&parent=8897"}],"curies":[{"name":"wp","href":"https:\/\/api.w.org\/{rel}","templated":true}]}}