{"id":6955,"date":"2023-09-15T12:29:37","date_gmt":"2023-09-15T15:29:37","guid":{"rendered":"http:\/\/juventudes.social.mg.gov.br\/?page_id=6955"},"modified":"2025-02-19T16:04:22","modified_gmt":"2025-02-19T19:04:22","slug":"5a-conferencia-estadual-das-juventudes-etapa-estadual-da-4a-conferencia-nacional-de-juventude","status":"publish","type":"page","link":"https:\/\/juventudes.social.mg.gov.br\/?page_id=6955","title":{"rendered":"5\u00aa CONFER\u00caNCIA ESTADUAL DAS JUVENTUDES &#8211; ETAPA ESTADUAL DA 4\u00aa CONFER\u00caNCIA NACIONAL DE JUVENTUDE"},"content":{"rendered":"\t\t<div data-elementor-type=\"wp-page\" data-elementor-id=\"6955\" class=\"elementor elementor-6955\">\n\t\t\t\t<div class=\"elementor-element elementor-element-1d1cfe7 e-flex e-con-boxed e-con e-parent\" data-id=\"1d1cfe7\" data-element_type=\"container\">\n\t\t\t\t\t<div class=\"e-con-inner\">\n\t\t\t\t<div class=\"elementor-element elementor-element-2af5a70 elementor-widget elementor-widget-spacer\" data-id=\"2af5a70\" data-element_type=\"widget\" data-widget_type=\"spacer.default\">\n\t\t\t\t<div class=\"elementor-widget-container\">\n\t\t\t\t\t\t\t<div class=\"elementor-spacer\">\n\t\t\t<div class=\"elementor-spacer-inner\"><\/div>\n\t\t<\/div>\n\t\t\t\t\t\t<\/div>\n\t\t\t\t<\/div>\n\t\t\t\t\t<\/div>\n\t\t\t\t<\/div>\n\t\t<div class=\"elementor-element elementor-element-3cc0881 e-flex e-con-boxed e-con e-parent\" data-id=\"3cc0881\" data-element_type=\"container\">\n\t\t\t\t\t<div class=\"e-con-inner\">\n\t\t\t\t<div class=\"elementor-element elementor-element-274528c elementor-widget elementor-widget-heading\" data-id=\"274528c\" data-element_type=\"widget\" data-widget_type=\"heading.default\">\n\t\t\t\t<div class=\"elementor-widget-container\">\n\t\t\t\t\t<h2 class=\"elementor-heading-title elementor-size-default\">CONFIRA A ATA DA 5\u00aa CONFER\u00caNCIA ESTADUAL DAS JUVENTUDES DE MINAS GERAIS<\/h2>\t\t\t\t<\/div>\n\t\t\t\t<\/div>\n\t\t\t\t\t<\/div>\n\t\t\t\t<\/div>\n\t\t<div class=\"elementor-element elementor-element-108417d e-flex e-con-boxed e-con e-parent\" data-id=\"108417d\" data-element_type=\"container\">\n\t\t\t\t\t<div class=\"e-con-inner\">\n\t\t\t\t<div class=\"elementor-element elementor-element-e4a521a elementor-widget elementor-widget-text-editor\" data-id=\"e4a521a\" data-element_type=\"widget\" data-widget_type=\"text-editor.default\">\n\t\t\t\t<div class=\"elementor-widget-container\">\n\t\t\t\t\t\t\t\t\t<p><strong>A Ata da 5\u00aa Confer\u00eancia Estadual das Juventudes de Minas Gerais \u00e9 o documento que reune todas as propostas e delegados eleitos na Etapa Estadual, <\/strong>\u00a0n\u00e3o deixe de conferir os resultados dos esfor\u00e7os dos jovens mineiros que trabalharam por meses para contribuir para a constru\u00e7\u00e3o de pol\u00edticas p\u00fablicas de juventude do nosso estado e do nosso pa\u00eds, tratamos de uma pauta transversal que <strong>PRECISA<\/strong> ouvir e debater solu\u00e7\u00f5es com a popula\u00e7\u00e3o e com os poderes p\u00fablicos!<\/p>\t\t\t\t\t\t\t\t<\/div>\n\t\t\t\t<\/div>\n\t\t\t\t\t<\/div>\n\t\t\t\t<\/div>\n\t\t\t\t<section class=\"elementor-section elementor-top-section elementor-element elementor-element-148d2d5 elementor-section-boxed elementor-section-height-default elementor-section-height-default\" data-id=\"148d2d5\" data-element_type=\"section\">\n\t\t\t\t\t\t<div class=\"elementor-container elementor-column-gap-default\">\n\t\t\t\t\t<div class=\"elementor-column elementor-col-100 elementor-top-column elementor-element elementor-element-2e7432d\" data-id=\"2e7432d\" data-element_type=\"column\">\n\t\t\t<div class=\"elementor-widget-wrap elementor-element-populated\">\n\t\t\t\t\t\t<section class=\"elementor-section elementor-inner-section elementor-element elementor-element-bbd4dd4 elementor-section-boxed elementor-section-height-default elementor-section-height-default\" data-id=\"bbd4dd4\" data-element_type=\"section\">\n\t\t\t\t\t\t<div class=\"elementor-container elementor-column-gap-default\">\n\t\t\t\t\t<div class=\"elementor-column elementor-col-100 elementor-inner-column elementor-element elementor-element-ae0fdd7\" data-id=\"ae0fdd7\" data-element_type=\"column\">\n\t\t\t<div class=\"elementor-widget-wrap elementor-element-populated\">\n\t\t\t\t\t\t<div class=\"elementor-element elementor-element-3eaee85 elementor-view-default elementor-position-top elementor-mobile-position-top elementor-widget elementor-widget-icon-box\" data-id=\"3eaee85\" data-element_type=\"widget\" data-widget_type=\"icon-box.default\">\n\t\t\t\t<div class=\"elementor-widget-container\">\n\t\t\t\t\t\t\t<div class=\"elementor-icon-box-wrapper\">\n\n\t\t\t\t\t\t<div class=\"elementor-icon-box-icon\">\n\t\t\t\t<a href=\"http:\/\/juventudes.social.mg.gov.br\/wp-content\/uploads\/2024\/01\/Relatorio-5a-Conferencia-Estadual-das-Juventudes-de-Minas-Gerais.pdf\" class=\"elementor-icon\" tabindex=\"-1\" aria-label=\"CLIQUE AQUI PARA ACESSAR!&lt;br&gt;&lt;br&gt;\">\n\t\t\t\t<svg aria-hidden=\"true\" class=\"e-font-icon-svg e-fas-paperclip\" viewBox=\"0 0 448 512\" xmlns=\"http:\/\/www.w3.org\/2000\/svg\"><path d=\"M43.246 466.142c-58.43-60.289-57.341-157.511 1.386-217.581L254.392 34c44.316-45.332 116.351-45.336 160.671 0 43.89 44.894 43.943 117.329 0 162.276L232.214 383.128c-29.855 30.537-78.633 30.111-107.982-.998-28.275-29.97-27.368-77.473 1.452-106.953l143.743-146.835c6.182-6.314 16.312-6.422 22.626-.241l22.861 22.379c6.315 6.182 6.422 16.312.241 22.626L171.427 319.927c-4.932 5.045-5.236 13.428-.648 18.292 4.372 4.634 11.245 4.711 15.688.165l182.849-186.851c19.613-20.062 19.613-52.725-.011-72.798-19.189-19.627-49.957-19.637-69.154 0L90.39 293.295c-34.763 35.56-35.299 93.12-1.191 128.313 34.01 35.093 88.985 35.137 123.058.286l172.06-175.999c6.177-6.319 16.307-6.433 22.626-.256l22.877 22.364c6.319 6.177 6.434 16.307.256 22.626l-172.06 175.998c-59.576 60.938-155.943 60.216-214.77-.485z\"><\/path><\/svg>\t\t\t\t<\/a>\n\t\t\t<\/div>\n\t\t\t\n\t\t\t\t\t\t<div class=\"elementor-icon-box-content\">\n\n\t\t\t\t\t\t\t\t\t<h3 class=\"elementor-icon-box-title\">\n\t\t\t\t\t\t<a href=\"http:\/\/juventudes.social.mg.gov.br\/wp-content\/uploads\/2024\/01\/Relatorio-5a-Conferencia-Estadual-das-Juventudes-de-Minas-Gerais.pdf\" >\n\t\t\t\t\t\t\tCLIQUE AQUI PARA ACESSAR!<br><br>\t\t\t\t\t\t<\/a>\n\t\t\t\t\t<\/h3>\n\t\t\t\t\n\t\t\t\t\n\t\t\t<\/div>\n\t\t\t\n\t\t<\/div>\n\t\t\t\t\t\t<\/div>\n\t\t\t\t<\/div>\n\t\t\t\t\t<\/div>\n\t\t<\/div>\n\t\t\t\t\t<\/div>\n\t\t<\/section>\n\t\t\t\t\t<\/div>\n\t\t<\/div>\n\t\t\t\t\t<\/div>\n\t\t<\/section>\n\t\t\t\t<section class=\"elementor-section elementor-top-section elementor-element elementor-element-9bf06fb elementor-section-boxed elementor-section-height-default elementor-section-height-default\" data-id=\"9bf06fb\" data-element_type=\"section\">\n\t\t\t\t\t\t<div class=\"elementor-container elementor-column-gap-no\">\n\t\t\t\t\t<div class=\"elementor-column elementor-col-100 elementor-top-column elementor-element elementor-element-21488d1\" data-id=\"21488d1\" data-element_type=\"column\">\n\t\t\t<div class=\"elementor-widget-wrap elementor-element-populated\">\n\t\t\t\t\t\t<div class=\"elementor-element elementor-element-9d55364 elementor-widget elementor-widget-heading\" data-id=\"9d55364\" data-element_type=\"widget\" data-widget_type=\"heading.default\">\n\t\t\t\t<div class=\"elementor-widget-container\">\n\t\t\t\t\t<h2 class=\"elementor-heading-title elementor-size-default\">confer\u00eancias MUNICIPAIS DE JUVENTUDE convocadas<br>EM MINAS GERAIS<\/h2>\t\t\t\t<\/div>\n\t\t\t\t<\/div>\n\t\t\t\t<section class=\"elementor-section elementor-inner-section elementor-element elementor-element-5f8e31c elementor-section-boxed elementor-section-height-default elementor-section-height-default\" data-id=\"5f8e31c\" data-element_type=\"section\">\n\t\t\t\t\t\t<div class=\"elementor-container elementor-column-gap-default\">\n\t\t\t\t\t<div class=\"elementor-column elementor-col-50 elementor-inner-column elementor-element elementor-element-7580c16\" data-id=\"7580c16\" data-element_type=\"column\">\n\t\t\t<div class=\"elementor-widget-wrap elementor-element-populated\">\n\t\t\t\t\t\t<div class=\"elementor-element elementor-element-07cbe25 elementor-widget elementor-widget-heading\" data-id=\"07cbe25\" data-element_type=\"widget\" data-widget_type=\"heading.default\">\n\t\t\t\t<div class=\"elementor-widget-container\">\n\t\t\t\t\t<span class=\"elementor-heading-title elementor-size-default\">96<\/span>\t\t\t\t<\/div>\n\t\t\t\t<\/div>\n\t\t\t\t<div class=\"elementor-element elementor-element-4d0d427 elementor-widget elementor-widget-text-editor\" data-id=\"4d0d427\" data-element_type=\"widget\" data-widget_type=\"text-editor.default\">\n\t\t\t\t<div class=\"elementor-widget-container\">\n\t\t\t\t\t\t\t\t\t<p><em>Munic\u00edpios participantes em Confer\u00eancias\u00a0 de Juventudes\u00a0<\/em><\/p>\t\t\t\t\t\t\t\t<\/div>\n\t\t\t\t<\/div>\n\t\t\t\t\t<\/div>\n\t\t<\/div>\n\t\t\t\t<div class=\"elementor-column elementor-col-50 elementor-inner-column elementor-element elementor-element-a4a667d\" data-id=\"a4a667d\" data-element_type=\"column\">\n\t\t\t<div class=\"elementor-widget-wrap elementor-element-populated\">\n\t\t\t\t\t\t<div class=\"elementor-element elementor-element-918d70f elementor-widget elementor-widget-heading\" data-id=\"918d70f\" data-element_type=\"widget\" data-widget_type=\"heading.default\">\n\t\t\t\t<div class=\"elementor-widget-container\">\n\t\t\t\t\t<span class=\"elementor-heading-title elementor-size-default\">218<\/span>\t\t\t\t<\/div>\n\t\t\t\t<\/div>\n\t\t\t\t<div class=\"elementor-element elementor-element-ca3a07f elementor-widget elementor-widget-text-editor\" data-id=\"ca3a07f\" data-element_type=\"widget\" data-widget_type=\"text-editor.default\">\n\t\t\t\t<div class=\"elementor-widget-container\">\n\t\t\t\t\t\t\t\t\t<p>Delegados eleitos para as Pr\u00e9-Confer\u00eancias Estaduais de Juventudes<\/p>\t\t\t\t\t\t\t\t<\/div>\n\t\t\t\t<\/div>\n\t\t\t\t\t<\/div>\n\t\t<\/div>\n\t\t\t\t\t<\/div>\n\t\t<\/section>\n\t\t\t\t<section class=\"elementor-section elementor-inner-section elementor-element elementor-element-58a2080 elementor-section-full_width elementor-section-height-default elementor-section-height-default\" data-id=\"58a2080\" data-element_type=\"section\">\n\t\t\t\t\t\t<div class=\"elementor-container elementor-column-gap-no\">\n\t\t\t\t\t<div class=\"elementor-column elementor-col-100 elementor-inner-column elementor-element elementor-element-4281b7a\" data-id=\"4281b7a\" data-element_type=\"column\">\n\t\t\t<div class=\"elementor-widget-wrap elementor-element-populated\">\n\t\t\t\t\t\t<div class=\"elementor-element elementor-element-2e344e6 elementor-widget elementor-widget-video\" data-id=\"2e344e6\" data-element_type=\"widget\" data-settings=\"{&quot;youtube_url&quot;:&quot;https:\\\/\\\/youtu.be\\\/dbt8qn2vKYo&quot;,&quot;video_type&quot;:&quot;youtube&quot;,&quot;controls&quot;:&quot;yes&quot;}\" data-widget_type=\"video.default\">\n\t\t\t\t<div class=\"elementor-widget-container\">\n\t\t\t\t\t\t\t<div class=\"elementor-wrapper elementor-open-inline\">\n\t\t\t<div class=\"elementor-video\"><\/div>\t\t<\/div>\n\t\t\t\t\t\t<\/div>\n\t\t\t\t<\/div>\n\t\t\t\t<div class=\"elementor-element elementor-element-8eeb6dc elementor-widget elementor-widget-text-editor\" data-id=\"8eeb6dc\" data-element_type=\"widget\" data-widget_type=\"text-editor.default\">\n\t\t\t\t<div class=\"elementor-widget-container\">\n\t\t\t\t\t\t\t\t\t<p>A nossa sensacional Coordenadora da COE e Diretora de Pol\u00edticas P\u00fablicas de Juventude, Fernanda Jales, gravou um v\u00eddeo orientador para auxiliar voc\u00eas a cadastrarem as Confer\u00eancias Municipais e Regionais de Juventude na Plataforma Digital, assistam em caso de d\u00favidas e encaminhem para os colegas que est\u00e3o com dificuldade tamb\u00e9m!<\/p><p>Caso ainda tenha d\u00favidas entre em contato!<\/p>\t\t\t\t\t\t\t\t<\/div>\n\t\t\t\t<\/div>\n\t\t\t\t<div class=\"elementor-element elementor-element-d7acb8e elementor-align-center elementor-widget elementor-widget-button\" data-id=\"d7acb8e\" data-element_type=\"widget\" data-widget_type=\"button.default\">\n\t\t\t\t<div class=\"elementor-widget-container\">\n\t\t\t\t\t\t\t\t\t<div class=\"elementor-button-wrapper\">\n\t\t\t\t\t<a class=\"elementor-button elementor-button-link elementor-size-md\" href=\"https:\/\/brasilparticipativo.presidencia.gov.br\/assemblies\/confjuv4\">\n\t\t\t\t\t\t<span class=\"elementor-button-content-wrapper\">\n\t\t\t\t\t\t\t\t\t<span class=\"elementor-button-text\">Acesse a plataforma digital clicando aqui!<\/span>\n\t\t\t\t\t<\/span>\n\t\t\t\t\t<\/a>\n\t\t\t\t<\/div>\n\t\t\t\t\t\t\t\t<\/div>\n\t\t\t\t<\/div>\n\t\t\t\t\t<\/div>\n\t\t<\/div>\n\t\t\t\t\t<\/div>\n\t\t<\/section>\n\t\t\t\t\t<\/div>\n\t\t<\/div>\n\t\t\t\t\t<\/div>\n\t\t<\/section>\n\t\t<div class=\"elementor-element elementor-element-635a905 e-flex e-con-boxed e-con e-parent\" data-id=\"635a905\" data-element_type=\"container\">\n\t\t\t\t\t<div class=\"e-con-inner\">\n\t\t\t\t<div class=\"elementor-element elementor-element-5f1f3d6 elementor-widget elementor-widget-spacer\" data-id=\"5f1f3d6\" data-element_type=\"widget\" data-widget_type=\"spacer.default\">\n\t\t\t\t<div class=\"elementor-widget-container\">\n\t\t\t\t\t\t\t<div class=\"elementor-spacer\">\n\t\t\t<div class=\"elementor-spacer-inner\"><\/div>\n\t\t<\/div>\n\t\t\t\t\t\t<\/div>\n\t\t\t\t<\/div>\n\t\t\t\t\t<\/div>\n\t\t\t\t<\/div>\n\t\t<div class=\"elementor-element elementor-element-ba2bd6d e-flex e-con-boxed e-con e-parent\" data-id=\"ba2bd6d\" data-element_type=\"container\">\n\t\t\t\t\t<div class=\"e-con-inner\">\n\t\t\t\t<div class=\"elementor-element elementor-element-7aede7a elementor-widget elementor-widget-heading\" data-id=\"7aede7a\" data-element_type=\"widget\" data-widget_type=\"heading.default\">\n\t\t\t\t<div class=\"elementor-widget-container\">\n\t\t\t\t\t<h2 class=\"elementor-heading-title elementor-size-default\">CONFIRA OS DOCUMENTOS REGIMENTAIS!<\/h2>\t\t\t\t<\/div>\n\t\t\t\t<\/div>\n\t\t\t\t\t<\/div>\n\t\t\t\t<\/div>\n\t\t\t\t<section class=\"elementor-section elementor-top-section elementor-element elementor-element-4aa33ff elementor-section-boxed elementor-section-height-default elementor-section-height-default\" data-id=\"4aa33ff\" data-element_type=\"section\">\n\t\t\t\t\t\t<div class=\"elementor-container elementor-column-gap-no\">\n\t\t\t\t\t<div class=\"elementor-column elementor-col-100 elementor-top-column elementor-element elementor-element-bc84127\" data-id=\"bc84127\" data-element_type=\"column\">\n\t\t\t<div class=\"elementor-widget-wrap elementor-element-populated\">\n\t\t\t\t\t\t<div class=\"elementor-element elementor-element-69e8553 elementor-widget elementor-widget-image\" data-id=\"69e8553\" data-element_type=\"widget\" data-widget_type=\"image.default\">\n\t\t\t\t<div class=\"elementor-widget-container\">\n\t\t\t\t\t\t\t\t\t\t\t\t\t\t\t<img fetchpriority=\"high\" decoding=\"async\" width=\"2000\" height=\"1200\" src=\"https:\/\/juventudes.social.mg.gov.br\/wp-content\/uploads\/2023\/09\/Inserir-um-titulo-31.png\" class=\"attachment-full size-full wp-image-8656\" alt=\"\" srcset=\"https:\/\/juventudes.social.mg.gov.br\/wp-content\/uploads\/2023\/09\/Inserir-um-titulo-31.png 2000w, https:\/\/juventudes.social.mg.gov.br\/wp-content\/uploads\/2023\/09\/Inserir-um-titulo-31-300x180.png 300w, https:\/\/juventudes.social.mg.gov.br\/wp-content\/uploads\/2023\/09\/Inserir-um-titulo-31-1024x614.png 1024w, https:\/\/juventudes.social.mg.gov.br\/wp-content\/uploads\/2023\/09\/Inserir-um-titulo-31-768x461.png 768w, https:\/\/juventudes.social.mg.gov.br\/wp-content\/uploads\/2023\/09\/Inserir-um-titulo-31-1536x922.png 1536w, https:\/\/juventudes.social.mg.gov.br\/wp-content\/uploads\/2023\/09\/Inserir-um-titulo-31-600x360.png 600w, https:\/\/juventudes.social.mg.gov.br\/wp-content\/uploads\/2023\/09\/Inserir-um-titulo-31-1200x720.png 1200w\" sizes=\"100vw\" \/>\t\t\t\t\t\t\t\t\t\t\t\t\t\t\t<\/div>\n\t\t\t\t<\/div>\n\t\t\t\t<section class=\"elementor-section elementor-inner-section elementor-element elementor-element-2e0b23f elementor-section-full_width elementor-section-height-default elementor-section-height-default\" data-id=\"2e0b23f\" data-element_type=\"section\">\n\t\t\t\t\t\t<div class=\"elementor-container elementor-column-gap-no\">\n\t\t\t\t\t<div class=\"elementor-column elementor-col-100 elementor-inner-column elementor-element elementor-element-427df00\" data-id=\"427df00\" data-element_type=\"column\">\n\t\t\t<div class=\"elementor-widget-wrap elementor-element-populated\">\n\t\t\t\t\t\t<div class=\"elementor-element elementor-element-d394057 elementor-widget elementor-widget-text-editor\" data-id=\"d394057\" data-element_type=\"widget\" data-widget_type=\"text-editor.default\">\n\t\t\t\t<div class=\"elementor-widget-container\">\n\t\t\t\t\t\t\t\t\t<p><strong>CONFIRA A PUBLICA\u00c7\u00c3O DA RESOLU\u00c7\u00c3O N\u00ba46, DE 28 DE AGOSTO DE 2023, QUE DISP\u00d5E DA CONVOCA\u00c7\u00c3O DA 5\u00aa CONFER\u00caNCIA ESTADUAL DE JUVENTUDE, ETAPA ESTADUAL DA 4\u00aa CONFER\u00caNCIA NACIONAL DE JUVENTUDE!<\/strong><\/p>\t\t\t\t\t\t\t\t<\/div>\n\t\t\t\t<\/div>\n\t\t\t\t<div class=\"elementor-element elementor-element-4cd155b elementor-align-center elementor-widget elementor-widget-button\" data-id=\"4cd155b\" data-element_type=\"widget\" data-widget_type=\"button.default\">\n\t\t\t\t<div class=\"elementor-widget-container\">\n\t\t\t\t\t\t\t\t\t<div class=\"elementor-button-wrapper\">\n\t\t\t\t\t<a class=\"elementor-button elementor-button-link elementor-size-md\" href=\"http:\/\/juventudes.social.mg.gov.br\/project\/resolucao-no-46-de-28-de-agosto-de-2023-convocacao-da-5a-conferencia-estadual-de-juventude\/\" target=\"_blank\">\n\t\t\t\t\t\t<span class=\"elementor-button-content-wrapper\">\n\t\t\t\t\t\t\t\t\t<span class=\"elementor-button-text\">CONVOCA\u00c7\u00c3O DA 5\u00aa CONFER\u00caNCIA ESTADUAL DE JUVENTUDE MINEIRA<\/span>\n\t\t\t\t\t<\/span>\n\t\t\t\t\t<\/a>\n\t\t\t\t<\/div>\n\t\t\t\t\t\t\t\t<\/div>\n\t\t\t\t<\/div>\n\t\t\t\t\t<\/div>\n\t\t<\/div>\n\t\t\t\t\t<\/div>\n\t\t<\/section>\n\t\t\t\t\t<\/div>\n\t\t<\/div>\n\t\t\t\t\t<\/div>\n\t\t<\/section>\n\t\t\t\t<section class=\"elementor-section elementor-top-section elementor-element elementor-element-a1ee3c8 elementor-section-boxed elementor-section-height-default elementor-section-height-default\" data-id=\"a1ee3c8\" data-element_type=\"section\">\n\t\t\t\t\t\t<div class=\"elementor-container elementor-column-gap-no\">\n\t\t\t\t\t<div class=\"elementor-column elementor-col-100 elementor-top-column elementor-element elementor-element-439f409\" data-id=\"439f409\" data-element_type=\"column\">\n\t\t\t<div class=\"elementor-widget-wrap elementor-element-populated\">\n\t\t\t\t\t\t<div class=\"elementor-element elementor-element-72ed0b2 elementor-widget elementor-widget-image\" data-id=\"72ed0b2\" data-element_type=\"widget\" data-widget_type=\"image.default\">\n\t\t\t\t<div class=\"elementor-widget-container\">\n\t\t\t\t\t\t\t\t\t\t\t\t\t\t\t<img decoding=\"async\" width=\"2000\" height=\"1200\" src=\"https:\/\/juventudes.social.mg.gov.br\/wp-content\/uploads\/2023\/09\/Inserir-um-titulo-28.png\" class=\"attachment-full size-full wp-image-8629\" alt=\"\" srcset=\"https:\/\/juventudes.social.mg.gov.br\/wp-content\/uploads\/2023\/09\/Inserir-um-titulo-28.png 2000w, https:\/\/juventudes.social.mg.gov.br\/wp-content\/uploads\/2023\/09\/Inserir-um-titulo-28-300x180.png 300w, https:\/\/juventudes.social.mg.gov.br\/wp-content\/uploads\/2023\/09\/Inserir-um-titulo-28-1024x614.png 1024w, https:\/\/juventudes.social.mg.gov.br\/wp-content\/uploads\/2023\/09\/Inserir-um-titulo-28-768x461.png 768w, https:\/\/juventudes.social.mg.gov.br\/wp-content\/uploads\/2023\/09\/Inserir-um-titulo-28-1536x922.png 1536w, https:\/\/juventudes.social.mg.gov.br\/wp-content\/uploads\/2023\/09\/Inserir-um-titulo-28-600x360.png 600w, https:\/\/juventudes.social.mg.gov.br\/wp-content\/uploads\/2023\/09\/Inserir-um-titulo-28-1200x720.png 1200w\" sizes=\"100vw\" \/>\t\t\t\t\t\t\t\t\t\t\t\t\t\t\t<\/div>\n\t\t\t\t<\/div>\n\t\t\t\t<section class=\"elementor-section elementor-inner-section elementor-element elementor-element-5e19e8d elementor-section-full_width elementor-section-height-default elementor-section-height-default\" data-id=\"5e19e8d\" data-element_type=\"section\">\n\t\t\t\t\t\t<div class=\"elementor-container elementor-column-gap-no\">\n\t\t\t\t\t<div class=\"elementor-column elementor-col-100 elementor-inner-column elementor-element elementor-element-c26ad1d\" data-id=\"c26ad1d\" data-element_type=\"column\">\n\t\t\t<div class=\"elementor-widget-wrap elementor-element-populated\">\n\t\t\t\t\t\t<div class=\"elementor-element elementor-element-99f2f00 elementor-widget elementor-widget-text-editor\" data-id=\"99f2f00\" data-element_type=\"widget\" data-widget_type=\"text-editor.default\">\n\t\t\t\t<div class=\"elementor-widget-container\">\n\t\t\t\t\t\t\t\t\t<p><strong>CONFIRA A PUBLICA\u00c7\u00c3O DA RESOLU\u00c7\u00c3O N\u00ba51, DE 14 DE SETEMBRO DE 2023, QUE DISP\u00d5E DO REGIMENTO INTERNO DA 5\u00aa CONFER\u00caNCIA ESTADUAL DE JUVENTUDE, ETAPA ESTADUAL DA 4\u00aa CONFER\u00caNCIA NACIONAL DE JUVENTUDE!<\/strong><\/p><p><b><em><span style=\"text-decoration: underline;\">\u00d3! O N\u00daMERO DE DELEGADOS A SEREM ELEITOS EM CADA MUNIC\u00cdPIO<br \/><\/span><\/em><\/b><b><em><span style=\"text-decoration: underline;\"> EST\u00c1 NO FINAL DO DOCUMENTO!<\/span><\/em>\u00a0<\/b><\/p><p><em>Lembrando que a composi\u00e7\u00e3o de delegados de cada etapa est\u00e1 no Cap\u00edtulo IV, Se\u00e7\u00e3o III, a partir do Artigo 14\u00ba, confiram a parte de delegados natos tamb\u00e9m!<\/em><\/p>\t\t\t\t\t\t\t\t<\/div>\n\t\t\t\t<\/div>\n\t\t\t\t<div class=\"elementor-element elementor-element-6ac53e6 elementor-align-center elementor-widget elementor-widget-button\" data-id=\"6ac53e6\" data-element_type=\"widget\" data-widget_type=\"button.default\">\n\t\t\t\t<div class=\"elementor-widget-container\">\n\t\t\t\t\t\t\t\t\t<div class=\"elementor-button-wrapper\">\n\t\t\t\t\t<a class=\"elementor-button elementor-button-link elementor-size-md\" href=\"http:\/\/juventudes.social.mg.gov.br\/project\/resolucao-no-51-de-14-de-setembro-de-2023-regimento-interno-da-5a-conferencia-estadual-de-juventude\/\" target=\"_blank\">\n\t\t\t\t\t\t<span class=\"elementor-button-content-wrapper\">\n\t\t\t\t\t\t\t\t\t<span class=\"elementor-button-text\">REGIMENTO INTERNO DA 5\u00aa CONFER\u00caNCIA ESTADUAL DE JUVENTUDE MINEIRA<\/span>\n\t\t\t\t\t<\/span>\n\t\t\t\t\t<\/a>\n\t\t\t\t<\/div>\n\t\t\t\t\t\t\t\t<\/div>\n\t\t\t\t<\/div>\n\t\t\t\t\t<\/div>\n\t\t<\/div>\n\t\t\t\t\t<\/div>\n\t\t<\/section>\n\t\t\t\t\t<\/div>\n\t\t<\/div>\n\t\t\t\t\t<\/div>\n\t\t<\/section>\n\t\t\t\t<section class=\"elementor-section elementor-top-section elementor-element elementor-element-54949f4 elementor-section-boxed elementor-section-height-default elementor-section-height-default\" data-id=\"54949f4\" data-element_type=\"section\">\n\t\t\t\t\t\t<div class=\"elementor-container elementor-column-gap-default\">\n\t\t\t\t\t<div class=\"elementor-column elementor-col-100 elementor-top-column elementor-element elementor-element-bed0b30\" data-id=\"bed0b30\" data-element_type=\"column\">\n\t\t\t<div class=\"elementor-widget-wrap elementor-element-populated\">\n\t\t\t\t\t\t<section class=\"elementor-section elementor-inner-section elementor-element elementor-element-ff31764 elementor-section-full_width elementor-section-height-default elementor-section-height-default\" data-id=\"ff31764\" data-element_type=\"section\">\n\t\t\t\t\t\t<div class=\"elementor-container elementor-column-gap-no\">\n\t\t\t\t\t<div class=\"elementor-column elementor-col-100 elementor-inner-column elementor-element elementor-element-a42814b\" data-id=\"a42814b\" data-element_type=\"column\">\n\t\t\t<div class=\"elementor-widget-wrap elementor-element-populated\">\n\t\t\t\t\t\t<div class=\"elementor-element elementor-element-bf5127c elementor-widget elementor-widget-image\" data-id=\"bf5127c\" data-element_type=\"widget\" data-widget_type=\"image.default\">\n\t\t\t\t<div class=\"elementor-widget-container\">\n\t\t\t\t\t\t\t\t\t\t\t\t\t\t\t<img decoding=\"async\" width=\"2000\" height=\"1200\" src=\"https:\/\/juventudes.social.mg.gov.br\/wp-content\/uploads\/2023\/09\/Inserir-um-titulo-27.png\" class=\"attachment-full size-full wp-image-8630\" alt=\"\" srcset=\"https:\/\/juventudes.social.mg.gov.br\/wp-content\/uploads\/2023\/09\/Inserir-um-titulo-27.png 2000w, https:\/\/juventudes.social.mg.gov.br\/wp-content\/uploads\/2023\/09\/Inserir-um-titulo-27-300x180.png 300w, https:\/\/juventudes.social.mg.gov.br\/wp-content\/uploads\/2023\/09\/Inserir-um-titulo-27-1024x614.png 1024w, https:\/\/juventudes.social.mg.gov.br\/wp-content\/uploads\/2023\/09\/Inserir-um-titulo-27-768x461.png 768w, https:\/\/juventudes.social.mg.gov.br\/wp-content\/uploads\/2023\/09\/Inserir-um-titulo-27-1536x922.png 1536w, https:\/\/juventudes.social.mg.gov.br\/wp-content\/uploads\/2023\/09\/Inserir-um-titulo-27-600x360.png 600w, https:\/\/juventudes.social.mg.gov.br\/wp-content\/uploads\/2023\/09\/Inserir-um-titulo-27-1200x720.png 1200w\" sizes=\"100vw\" \/>\t\t\t\t\t\t\t\t\t\t\t\t\t\t\t<\/div>\n\t\t\t\t<\/div>\n\t\t\t\t<div class=\"elementor-element elementor-element-2cbea46 elementor-widget elementor-widget-text-editor\" data-id=\"2cbea46\" data-element_type=\"widget\" data-widget_type=\"text-editor.default\">\n\t\t\t\t<div class=\"elementor-widget-container\">\n\t\t\t\t\t\t\t\t\t<p><strong>OS DEBATES DA 5\u00aa CONFER\u00caNCIA ESTADUAL DAS JUVENTUDES &#8211; ETAPA ESTADUAL DA 4\u00aa CONFER\u00caNCIA NACIONAL DA JUVENTUDE SER\u00c3O SUBSIDIADOS PELAS SEGUINTES PUBLICA\u00c7\u00d5ES:\u00a0<\/strong><\/p><p>I &#8211; 1\u00ba e 2\u00ba Relat\u00f3rio Sobre Viol\u00eancia Homof\u00f3bica da Secretaria Nacional de Direitos Humanos da Presid\u00eancia da Rep\u00fablica;<br \/>II &#8211; Atlas das Juventudes;<br \/>III &#8211; Atlas da Viol\u00eancia 2021;<br \/>IV &#8211; Balan\u00e7o da 1\u00aa, 2\u00aa e 3\u00aa Confer\u00eancia Nacional de Juventude;<br \/>V &#8211; Carta de Direitos da Juventude da Organiza\u00e7\u00e3o Ibero &#8211; Americana de Juventude;<br \/>VI &#8211; Decreto que Regulamenta SINAJUVE, DECRETO N\u00ba 9.306, DE 15 DE MAR\u00c7O DE 2018;<br \/>VII &#8211; Estatuto da Juventude;<br \/>VIII &#8211; Juventude e Pol\u00edticas Sociais no Brasil &#8211; IPEA;<br \/>IX &#8211; Juventudes do Agora;<br \/>X &#8211; Juventude 20\/30 da ONU;<br \/>XI &#8211; Nova Agenda de Juventudes do Organismo Nacional de Juventudes para Iberoam\u00e9rica;<br \/>XII &#8211; Pesquisa Juventudes e a Pandemia do COVID 19;<br \/>XIII &#8211; Plano Nacional da Juventude e Meio Ambiente;<br \/>XIV &#8211; Plano Nacional da Juventude e Sucess\u00e3o Rural;<br \/>XV &#8211; Pol\u00edtica Nacional de Juventude: Diretrizes, Perspectivas;<br \/>XVI &#8211; Reflex\u00f5es sobre a Pol\u00edtica Nacional de Juventude 2003 &#8211; 2010 do Conselho Nacional de Juventude (CONJUVE);<br \/>XVII &#8211; Relat\u00f3rio de Evid\u00eancias sobre Pol\u00edticas P\u00fablicas Federais de Juventude no Brasil: Mapeamento dos Investimentos 2012 a 2020 (CONJUVE), e<br \/>XVIII &#8211; Diagn\u00f3stico das Juventudes de Minas Gerais 2020.<\/p><p><span data-contrast=\"none\">Para acessar o drive com todos os documentos aperta o bot\u00e3o abaixo!<\/span><span data-ccp-props=\"{&quot;134233117&quot;:false,&quot;201341983&quot;:0,&quot;335551550&quot;:0,&quot;335551620&quot;:0,&quot;335559738&quot;:0,&quot;335559739&quot;:160,&quot;335559740&quot;:259}\">\u00a0<\/span><\/p>\t\t\t\t\t\t\t\t<\/div>\n\t\t\t\t<\/div>\n\t\t\t\t<div class=\"elementor-element elementor-element-8e3d3a3 elementor-align-center elementor-widget elementor-widget-button\" data-id=\"8e3d3a3\" data-element_type=\"widget\" data-widget_type=\"button.default\">\n\t\t\t\t<div class=\"elementor-widget-container\">\n\t\t\t\t\t\t\t\t\t<div class=\"elementor-button-wrapper\">\n\t\t\t\t\t<a class=\"elementor-button elementor-button-link elementor-size-md\" href=\"https:\/\/drive.google.com\/drive\/folders\/1U_9QYDjLicgd2ZJlwyzqcsyoZvxdJQ0R?usp=sharing\" target=\"_blank\">\n\t\t\t\t\t\t<span class=\"elementor-button-content-wrapper\">\n\t\t\t\t\t\t\t\t\t<span class=\"elementor-button-text\">DRIVE DE SUBSIDIO AOS DEBATES DA 5\u00aa CONFER\u00caNCIA ESTADUAL DE JUVENTUDE MINEIRA<\/span>\n\t\t\t\t\t<\/span>\n\t\t\t\t\t<\/a>\n\t\t\t\t<\/div>\n\t\t\t\t\t\t\t\t<\/div>\n\t\t\t\t<\/div>\n\t\t\t\t\t<\/div>\n\t\t<\/div>\n\t\t\t\t\t<\/div>\n\t\t<\/section>\n\t\t\t\t\t<\/div>\n\t\t<\/div>\n\t\t\t\t\t<\/div>\n\t\t<\/section>\n\t\t<div class=\"elementor-element elementor-element-28007b4 e-flex e-con-boxed e-con e-parent\" data-id=\"28007b4\" data-element_type=\"container\">\n\t\t\t\t\t<div class=\"e-con-inner\">\n\t\t\t\t<div class=\"elementor-element elementor-element-fbb2e60 elementor-widget elementor-widget-spacer\" data-id=\"fbb2e60\" data-element_type=\"widget\" data-widget_type=\"spacer.default\">\n\t\t\t\t<div class=\"elementor-widget-container\">\n\t\t\t\t\t\t\t<div class=\"elementor-spacer\">\n\t\t\t<div class=\"elementor-spacer-inner\"><\/div>\n\t\t<\/div>\n\t\t\t\t\t\t<\/div>\n\t\t\t\t<\/div>\n\t\t\t\t\t<\/div>\n\t\t\t\t<\/div>\n\t\t\t\t<section class=\"elementor-section elementor-top-section elementor-element elementor-element-6a14451 elementor-section-boxed elementor-section-height-default elementor-section-height-default\" data-id=\"6a14451\" data-element_type=\"section\">\n\t\t\t\t\t\t<div class=\"elementor-container elementor-column-gap-no\">\n\t\t\t\t\t<div class=\"elementor-column elementor-col-100 elementor-top-column elementor-element elementor-element-27cf223\" data-id=\"27cf223\" data-element_type=\"column\">\n\t\t\t<div class=\"elementor-widget-wrap elementor-element-populated\">\n\t\t\t\t\t\t<div class=\"elementor-element elementor-element-cf10a10 elementor-widget elementor-widget-image\" data-id=\"cf10a10\" data-element_type=\"widget\" data-widget_type=\"image.default\">\n\t\t\t\t<div class=\"elementor-widget-container\">\n\t\t\t\t\t\t\t\t\t\t\t\t\t\t\t<img loading=\"lazy\" decoding=\"async\" width=\"2000\" height=\"1200\" src=\"https:\/\/juventudes.social.mg.gov.br\/wp-content\/uploads\/2023\/09\/Inserir-um-titulo-26.png\" class=\"attachment-full size-full wp-image-8631\" alt=\"\" srcset=\"https:\/\/juventudes.social.mg.gov.br\/wp-content\/uploads\/2023\/09\/Inserir-um-titulo-26.png 2000w, https:\/\/juventudes.social.mg.gov.br\/wp-content\/uploads\/2023\/09\/Inserir-um-titulo-26-300x180.png 300w, https:\/\/juventudes.social.mg.gov.br\/wp-content\/uploads\/2023\/09\/Inserir-um-titulo-26-1024x614.png 1024w, https:\/\/juventudes.social.mg.gov.br\/wp-content\/uploads\/2023\/09\/Inserir-um-titulo-26-768x461.png 768w, https:\/\/juventudes.social.mg.gov.br\/wp-content\/uploads\/2023\/09\/Inserir-um-titulo-26-1536x922.png 1536w, https:\/\/juventudes.social.mg.gov.br\/wp-content\/uploads\/2023\/09\/Inserir-um-titulo-26-600x360.png 600w, https:\/\/juventudes.social.mg.gov.br\/wp-content\/uploads\/2023\/09\/Inserir-um-titulo-26-1200x720.png 1200w\" sizes=\"100vw\" \/>\t\t\t\t\t\t\t\t\t\t\t\t\t\t\t<\/div>\n\t\t\t\t<\/div>\n\t\t\t\t<section class=\"elementor-section elementor-inner-section elementor-element elementor-element-3d7b25a elementor-section-full_width elementor-section-height-default elementor-section-height-default\" data-id=\"3d7b25a\" data-element_type=\"section\">\n\t\t\t\t\t\t<div class=\"elementor-container elementor-column-gap-no\">\n\t\t\t\t\t<div class=\"elementor-column elementor-col-100 elementor-inner-column elementor-element elementor-element-ef884e3\" data-id=\"ef884e3\" data-element_type=\"column\">\n\t\t\t<div class=\"elementor-widget-wrap elementor-element-populated\">\n\t\t\t\t\t\t<div class=\"elementor-element elementor-element-b3161ec elementor-widget elementor-widget-text-editor\" data-id=\"b3161ec\" data-element_type=\"widget\" data-widget_type=\"text-editor.default\">\n\t\t\t\t<div class=\"elementor-widget-container\">\n\t\t\t\t\t\t\t\t\t<p style=\"text-align: left;\"><span style=\"font-weight: bolder;\">O DRIVE \u00c9 COMPOSTO PELOS SEGUINTES DOCUMENTOS:<\/span><\/p>\n<p style=\"text-align: left;\">I &#8211; Decreto de Convoca\u00e7\u00e3o 4\u00aa Confer\u00eancia Nacional da Juventude<br>II &#8211; Resolu\u00e7\u00e3o Regimento Interno 4\u00aa Confer\u00eancia Nacional de Juventude 2023<br>III &#8211; Resolu\u00e7\u00e3o de Orienta\u00e7\u00e3o das Confer\u00eancias Municipais e Regionais<br>IV &#8211; Regimento Interno Etapas Digitais Nacionais<br>V &#8211; Resolu\u00e7\u00e3o de Orienta\u00e7\u00e3o das Confer\u00eancias Estaduais<br>VI &#8211; Resolu\u00e7\u00e3o Convoca\u00e7\u00e3o 5\u00aa Confer\u00eancia Estadual de Juventude<br>VII &#8211; Regimento Interno 5\u00aa Confer\u00eancia Estadual de Juventude<br>VIII &#8211; Documento Orientador de Convoca\u00e7\u00f5es das Confer\u00eancias Municipais e Regionais<br>IX &#8211; Documento Orientador de Regimento Interno das Convoca\u00e7\u00f5es Municipais ou Regionais<\/p>\t\t\t\t\t\t\t\t<\/div>\n\t\t\t\t<\/div>\n\t\t\t\t<div class=\"elementor-element elementor-element-5ce4f40 elementor-align-center elementor-widget elementor-widget-button\" data-id=\"5ce4f40\" data-element_type=\"widget\" data-widget_type=\"button.default\">\n\t\t\t\t<div class=\"elementor-widget-container\">\n\t\t\t\t\t\t\t\t\t<div class=\"elementor-button-wrapper\">\n\t\t\t\t\t<a class=\"elementor-button elementor-button-link elementor-size-md\" href=\"https:\/\/drive.google.com\/drive\/folders\/1BJiWAGsVAvSfMuEn7ZxT8tA3HMThEyba?usp=drive_link\" target=\"_blank\">\n\t\t\t\t\t\t<span class=\"elementor-button-content-wrapper\">\n\t\t\t\t\t\t\t\t\t<span class=\"elementor-button-text\">DRIVE DE DOCUMENTOS REGIMENTAIS DA 5\u00aa CONFER\u00caNCIA ESTADUAL DE JUVENTUDE MINEIRA<\/span>\n\t\t\t\t\t<\/span>\n\t\t\t\t\t<\/a>\n\t\t\t\t<\/div>\n\t\t\t\t\t\t\t\t<\/div>\n\t\t\t\t<\/div>\n\t\t\t\t\t<\/div>\n\t\t<\/div>\n\t\t\t\t\t<\/div>\n\t\t<\/section>\n\t\t\t\t\t<\/div>\n\t\t<\/div>\n\t\t\t\t\t<\/div>\n\t\t<\/section>\n\t\t<div class=\"elementor-element elementor-element-6437b54 e-con-full e-flex e-con e-parent\" data-id=\"6437b54\" data-element_type=\"container\">\n\t\t\t\t<div class=\"elementor-element elementor-element-1718421 elementor-widget__width-inherit elementor-widget elementor-widget-heading\" data-id=\"1718421\" data-element_type=\"widget\" data-widget_type=\"heading.default\">\n\t\t\t\t<div class=\"elementor-widget-container\">\n\t\t\t\t\t<h2 class=\"elementor-heading-title elementor-size-default\"><br><br>ACOMPANHE O CALEND\u00c1RIO DAS CONFER\u00caNCIAS MUNICIPAIS, REGIONAIS E ESTADUAIS!\n<\/h2>\t\t\t\t<\/div>\n\t\t\t\t<\/div>\n\t\t\t\t<\/div>\n\t\t\t\t<section class=\"elementor-section elementor-top-section elementor-element elementor-element-6941b4a elementor-section-boxed elementor-section-height-default elementor-section-height-default\" data-id=\"6941b4a\" data-element_type=\"section\" data-settings=\"{&quot;background_background&quot;:&quot;classic&quot;}\">\n\t\t\t\t\t\t<div class=\"elementor-container elementor-column-gap-custom\">\n\t\t\t\t\t<div class=\"elementor-column elementor-col-100 elementor-top-column elementor-element elementor-element-b70504d\" data-id=\"b70504d\" data-element_type=\"column\">\n\t\t\t<div class=\"elementor-widget-wrap elementor-element-populated\">\n\t\t\t\t\t\t<div class=\"elementor-element elementor-element-8a5f88a elementor-widget elementor-widget-wpzoom-elementor-addons-team-members\" data-id=\"8a5f88a\" data-element_type=\"widget\" data-widget_type=\"wpzoom-elementor-addons-team-members.default\">\n\t\t\t\t<div class=\"elementor-widget-container\">\n\t\t\t\t\t\n\t\t\n\t\t<div class=\"wpz-member-body\">\n\t\t\t<h2 class=\"wpz-member-name\">2023<\/h2>\n\t\t\t\t\t\t\t<div class=\"wpz-member-position\">SETEMBRO<\/div>\n\t\t\t\n\t\t\t\t\t\t\t<div class=\"wpz-member-bio\">\n\t\t\t\t\t<p>30\/9 - Data limite para a realiza\u00e7\u00e3o de Confer\u00eancias Municipais e Regionais<br><br><span>OUTUBRO<\/span><br><br>6\/10 - 9\u00aa Plen\u00e1ria Ordin\u00e1ria do Conselho Estadual de Juventude<br>16\/10 - Pr\u00e9-Confer\u00eancia Estadual das Juventudes: Regionais V, VII, VIII e X<br>\n17\/10 - Pr\u00e9-Confer\u00eancia Estadual das Juventudes: Regionais I, II, III, IV, VI e IX<br> \n27\/10 - 5\u00aa Confer\u00eancia Estadual de Juventude - Etapa Presencial<br><br><span>NOVEMBRO<\/span><br><br>14\/11 - 10\u00aa Plen\u00e1ria Ordin\u00e1ria do Conselho Estadual de Juventude<br><br><span>DEZEMBRO<\/span><br><br>12\/12 - 11\u00aa Plen\u00e1ria Ordin\u00e1ria do Conselho Estadual de Juventude<br>14\/12 - 4\u00aa Confer\u00eancia Nacional de Juventude<br>15\/12 - 4\u00aa Confer\u00eancia Nacional de Juventude<br>16\/12 - 4\u00aa Confer\u00eancia Nacional de Juventude<br>17\/12 - 4\u00aa Confer\u00eancia Nacional de Juventude<br><\/p>\n\t\t\t\t<\/div>\n\t\t\t\n\t\t\t\n\t\t\t\t\t\t\t<div class=\"wpz-member-links\">\n\t\t\t\t\t<a target=\"_blank\" rel=\"noopener\" href=\"https:\/\/www.instagram.com\/cejuvemg\/\" class=\"elementor-repeater-item-3f91eaa\"><i class=\"fa-instagram fab\" aria-hidden=\"true\"><\/i><\/a>\t\t\t\t<\/div>\n\t\t\t\n\t\t\t\t\t<\/div>\n\t\t\t\t\t\t<\/div>\n\t\t\t\t<\/div>\n\t\t\t\t\t<\/div>\n\t\t<\/div>\n\t\t\t\t\t<\/div>\n\t\t<\/section>\n\t\t<div class=\"elementor-element elementor-element-ad55457 e-con-full e-flex e-con e-parent\" data-id=\"ad55457\" data-element_type=\"container\">\n\t\t\t\t<div class=\"elementor-element elementor-element-2775cf9 elementor-widget__width-inherit elementor-widget elementor-widget-heading\" data-id=\"2775cf9\" data-element_type=\"widget\" data-widget_type=\"heading.default\">\n\t\t\t\t<div class=\"elementor-widget-container\">\n\t\t\t\t\t<h2 class=\"elementor-heading-title elementor-size-default\">COMPET\u00caNCIAS ATRIBU\u00cdDAS VIA RESOLU\u00c7\u00c3O CON\/CONJUVE\/SNJ\/SGPR\/PR N\u00ba 1, DE 11 DE AGOSTO DE 2023 \u2013 REGIMENTO INTERNO\n<\/h2>\t\t\t\t<\/div>\n\t\t\t\t<\/div>\n\t\t\t\t<\/div>\n\t\t<div class=\"elementor-element elementor-element-cc9739b e-flex e-con-boxed e-con e-parent\" data-id=\"cc9739b\" data-element_type=\"container\">\n\t\t\t\t\t<div class=\"e-con-inner\">\n\t\t\t\t<div class=\"elementor-element elementor-element-b9adc95 elementor-widget elementor-widget-text-editor\" data-id=\"b9adc95\" data-element_type=\"widget\" data-widget_type=\"text-editor.default\">\n\t\t\t\t<div class=\"elementor-widget-container\">\n\t\t\t\t\t\t\t\t\t<div class=\"elementor-element elementor-element-9f3710a e-flex e-con-boxed e-con e-parent\" data-id=\"9f3710a\" data-element_type=\"container\" data-settings=\"{&quot;container_type&quot;:&quot;flex&quot;,&quot;content_width&quot;:&quot;boxed&quot;}\" data-core-v316-plus=\"true\"><div class=\"e-con-inner\"><div class=\"elementor-element elementor-element-aad09fb elementor-widget elementor-widget-text-editor\" data-id=\"aad09fb\" data-element_type=\"widget\" data-widget_type=\"text-editor.default\"><div class=\"elementor-widget-container\"><p>CAP\u00cdTULO IV<br \/>DAS ETAPAS<\/p><p>Se\u00e7\u00e3o VI<br \/>Etapas Estaduais e do Distrito Federal<\/p><p>Art. 29. As Etapas Estaduais e do Distrito Federal ser\u00e3o realizadas por iniciativa dos pr\u00f3prios estados e do Distrito Federal, conforme previsto no art. 42, inc. IV, e no art. 44, respectivamente, da Lei 12.852\/2013.<\/p><p>Art. 30. O Poder P\u00fablico tem um prazo de at\u00e9 10 dias \u00fateis ap\u00f3s a publica\u00e7\u00e3o deste regimento para instalar as Comiss\u00f5es Organizadoras Estaduais (COE) e do Distrito Federal (CODF).<br \/>Par\u00e1grafo \u00fanico. No caso do Poder P\u00fablico n\u00e3o instalar as Comiss\u00f5es Organizadoras Estaduais e do Distrito Federal no prazo estabelecido pelo caput deste artigo, representantes da Comiss\u00e3o Organizadora Nacional em conjunto com as entidades da Sociedade Civil, poder\u00e3o instalar a respectiva Comiss\u00e3o Organizadora e convocar a Confer\u00eancia Estadual ou do Distrito Federal at\u00e9 a data limite de encerramento desta Etapa.<\/p><p>Art. 31. Compete \u00e0 Comiss\u00e3o Organizadora Estadual ou do Distrito Federal:<br \/>I &#8211; coordenar e promover a realiza\u00e7\u00e3o da Confer\u00eancia Estadual ou do Distrito Federal;<br \/>II &#8211; realizar o planejamento de organiza\u00e7\u00e3o da Confer\u00eancia Estadual ou do Distrito Federal;<br \/>III &#8211; fomentar e orientar o trabalho das Comiss\u00f5es Organizadoras Municipais e Regionais;<br \/>IV &#8211; mobilizar a Sociedade Civil e o Poder P\u00fablico, para organizarem e participarem das Confer\u00eancias;<br \/>V &#8211; coordenar e disciplinar a realiza\u00e7\u00e3o das Confer\u00eancias Regionais, quando couber;<br \/>VI &#8211; adotar como crit\u00e9rios de regionaliza\u00e7\u00e3o conceitos diversos de territ\u00f3rios utilizados nas pol\u00edticas p\u00fablicas estaduais e federais;<br \/>VII &#8211; realizar a sistematiza\u00e7\u00e3o das propostas das Confer\u00eancias Municipais, Regionais, Livres e Territoriais ocorridas no \u00e2mbito dos respectivos estados e do Distrito Federal;<br \/>VIII &#8211; viabilizar a infraestrutura necess\u00e1ria \u00e0 realiza\u00e7\u00e3o da Etapa Estadual ou do Distrito Federal;<br \/>IX &#8211; aprovar a programa\u00e7\u00e3o da Etapa Estadual ou do Distrito Federal;<br \/>X &#8211; produzir o relat\u00f3rio final e a avalia\u00e7\u00e3o da Etapa;<br \/>XI &#8211; providenciar a publica\u00e7\u00e3o do relat\u00f3rio final da Etapa, cadastrando as propostas e seus respectivos delegados e delegadas na plataforma digital;<br \/>XII &#8211; deliberar, com a supervis\u00e3o da Comiss\u00e3o Organizadora Nacional, sobre todas as quest\u00f5es referentes \u00e0 Etapa Estadual ou do Distrito Federal que n\u00e3o estejam previstas neste regimento.<\/p><p>Art. 32. A Comiss\u00e3o Organizadora Estadual ou do Distrito Federal ter\u00e1 como refer\u00eancia de composi\u00e7\u00e3o m\u00ednima a participa\u00e7\u00e3o de representante do Conselho Estadual ou do Distrito Federal de Juventude, quando houver, e de representante da Comiss\u00e3o Organizadora Nacional, bem como composi\u00e7\u00e3o da Comiss\u00e3o Organizadora Nacional.<\/p><p>Art. 33. Ser\u00e3o definidas 3 propostas priorit\u00e1rias por cada eixo tem\u00e1tico conforme art. 8\u00ba deste Regimento, totalizando 36 propostas por estado, e encaminhadas para delibera\u00e7\u00e3o na Etapa Nacional.<\/p><p>Art. 34. As Confer\u00eancias Estaduais e do Distrito Federal eleger\u00e3o delegados \u00e0 Etapa Nacional, na propor\u00e7\u00e3o definida no anexo deste regimento.<br \/>Par\u00e1grafo \u00fanico. Nos estados que tiverem Conselho Estadual de Juventude institu\u00eddo, os conselheiros e conselheiras ter\u00e3o b\u00f4nus para concorrer como delegados ou delegadas \u00e0 Etapa Nacional atrav\u00e9s plataforma digital, nos ambientes eletivos.<\/p><p>\u00a0<\/p><\/div><p>CAP\u00cdTULO V<br \/>DOS COMPONENTES E PARTICIPANTES<\/p><p>Se\u00e7\u00e3o II<br \/>Delegados Eleitos e Delegadas Eleitas nas Etapas Estaduais e do Distrito Federal<\/p><p>Art. 39. Poder\u00e3o ser delegados e delegadas das Etapas Estaduais e do Distrito Federal os eleitos e eleitas nas Confer\u00eancias Municipais ou Regionais do respectivo Estado ou do Distrito Federal.<\/p><p>Art. 40. A elei\u00e7\u00e3o dos delegados e das delegadas e delegadas das Etapas Estaduais ou do\u00a0Distrito Federal para a Etapa Nacional deve ser realizada durante a realiza\u00e7\u00e3o da Confer\u00eancia Estadual ou\u00a0do Distrito Federal.<br \/>\u00a7 1\u00ba \u00c9 necess\u00e1rio estar presente no momento da realiza\u00e7\u00e3o da Confer\u00eancia para ser eleitos\u00a0delegado ou delegada, tanto para representantes da Sociedade Civil, quanto do Poder P\u00fablico.<br \/>\u00a7 2\u00ba Cada participante credenciado na Confer\u00eancia pode votar em uma pessoa dentre as que se\u00a0candidataram para serem delegadas.<br \/>\u00a7 3\u00ba A composi\u00e7\u00e3o das delega\u00e7\u00f5es estaduais ou do Distrito Federal deve observar os seguintes\u00a0par\u00e2metros:<br \/>I &#8211; observ\u00e2ncia de at\u00e9 20% de representantes do Poder P\u00fablico;<br \/>II &#8211; paridade de g\u00eanero e proporcionalidade \u00e9tnico &#8211; racial, conforme distribui\u00e7\u00e3o e perfil\u00a0populacional de cada Estado ou Distrito Federal;<br \/>III &#8211; no m\u00ednimo 2\/3 (dois ter\u00e7os) da delega\u00e7\u00e3o com idade entre 15 e 29 anos.<br \/>\u00a7 4\u00ba A escolha dos delegados e lista de suplentes \u00e9 compet\u00eancia exclusiva dos participantes da\u00a0respectiva Etapa e segue os mesmos par\u00e2metros de composi\u00e7\u00e3o da delega\u00e7\u00e3o titular elencados no\u00a0par\u00e1grafo acima.<\/p><p><i><a href=\"https:\/\/drive.google.com\/drive\/folders\/1BJiWAGsVAvSfMuEn7ZxT8tA3HMThEyba?usp=sharing\">Texto completo dispon\u00edvel no drive de Documentos Regimentais da 4\u00aa Confer\u00eancia Nacional de Juventude.<\/a><\/i><\/p><\/div><\/div><\/div>\t\t\t\t\t\t\t\t<\/div>\n\t\t\t\t<\/div>\n\t\t\t\t\t<\/div>\n\t\t\t\t<\/div>\n\t\t<div class=\"elementor-element elementor-element-5625556 e-flex e-con-boxed e-con e-parent\" data-id=\"5625556\" data-element_type=\"container\">\n\t\t\t\t\t<div class=\"e-con-inner\">\n\t\t\t\t<div class=\"elementor-element elementor-element-a1334d4 elementor-widget elementor-widget-spacer\" data-id=\"a1334d4\" data-element_type=\"widget\" data-widget_type=\"spacer.default\">\n\t\t\t\t<div class=\"elementor-widget-container\">\n\t\t\t\t\t\t\t<div class=\"elementor-spacer\">\n\t\t\t<div class=\"elementor-spacer-inner\"><\/div>\n\t\t<\/div>\n\t\t\t\t\t\t<\/div>\n\t\t\t\t<\/div>\n\t\t\t\t\t<\/div>\n\t\t\t\t<\/div>\n\t\t\t\t<\/div>\n\t\t","protected":false},"excerpt":{"rendered":"<p>CONFIRA A ATA DA 5\u00aa CONFER\u00caNCIA ESTADUAL DAS JUVENTUDES DE MINAS GERAIS A Ata da 5\u00aa Confer\u00eancia Estadual das Juventudes de Minas Gerais \u00e9 o documento que reune todas as propostas e delegados eleitos na Etapa Estadual, \u00a0n\u00e3o deixe de conferir os resultados dos esfor\u00e7os dos jovens mineiros que trabalharam por meses para contribuir para &hellip; <\/p>\n<p class=\"link-more\"><a href=\"https:\/\/juventudes.social.mg.gov.br\/?page_id=6955\" class=\"more-link\">Leia mais<span class=\"screen-reader-text\"> &#8220;5\u00aa CONFER\u00caNCIA ESTADUAL DAS JUVENTUDES &#8211; ETAPA ESTADUAL DA 4\u00aa CONFER\u00caNCIA NACIONAL DE JUVENTUDE&#8221;<\/span><\/a><\/p>\n","protected":false},"author":2,"featured_media":7748,"parent":9004,"menu_order":0,"comment_status":"closed","ping_status":"closed","template":"","meta":{"footnotes":""},"class_list":["post-6955","page","type-page","status-publish","has-post-thumbnail","hentry"],"aioseo_notices":[],"featured_media_urls":{"thumbnail":["https:\/\/juventudes.social.mg.gov.br\/wp-content\/uploads\/2023\/09\/Inserir-um-titulo-22-150x150.png",150,150,true],"medium":["https:\/\/juventudes.social.mg.gov.br\/wp-content\/uploads\/2023\/09\/Inserir-um-titulo-22-300x180.png",300,180,true],"medium_large":["https:\/\/juventudes.social.mg.gov.br\/wp-content\/uploads\/2023\/09\/Inserir-um-titulo-22-768x461.png",768,461,true],"large":["https:\/\/juventudes.social.mg.gov.br\/wp-content\/uploads\/2023\/09\/Inserir-um-titulo-22-1024x614.png",950,570,true],"1536x1536":["https:\/\/juventudes.social.mg.gov.br\/wp-content\/uploads\/2023\/09\/Inserir-um-titulo-22-1536x922.png",1536,922,true],"2048x2048":["https:\/\/juventudes.social.mg.gov.br\/wp-content\/uploads\/2023\/09\/Inserir-um-titulo-22.png",2000,1200,false],"inspiro-featured-image":["https:\/\/juventudes.social.mg.gov.br\/wp-content\/uploads\/2023\/09\/Inserir-um-titulo-22.png",2000,1200,false],"inspiro-loop":["https:\/\/juventudes.social.mg.gov.br\/wp-content\/uploads\/2023\/09\/Inserir-um-titulo-22-950x320.png",950,320,true],"inspiro-loop@2x":["https:\/\/juventudes.social.mg.gov.br\/wp-content\/uploads\/2023\/09\/Inserir-um-titulo-22-1900x640.png",1900,640,true],"portfolio_item-thumbnail":["https:\/\/juventudes.social.mg.gov.br\/wp-content\/uploads\/2023\/09\/Inserir-um-titulo-22-600x400.png",600,400,true],"portfolio_item-thumbnail@2x":["https:\/\/juventudes.social.mg.gov.br\/wp-content\/uploads\/2023\/09\/Inserir-um-titulo-22-1200x800.png",1200,800,true],"portfolio_item-masonry":["https:\/\/juventudes.social.mg.gov.br\/wp-content\/uploads\/2023\/09\/Inserir-um-titulo-22-600x360.png",600,360,true],"portfolio_item-masonry@2x":["https:\/\/juventudes.social.mg.gov.br\/wp-content\/uploads\/2023\/09\/Inserir-um-titulo-22-1200x720.png",1200,720,true],"portfolio_item-thumbnail_cinema":["https:\/\/juventudes.social.mg.gov.br\/wp-content\/uploads\/2023\/09\/Inserir-um-titulo-22-800x335.png",800,335,true],"portfolio_item-thumbnail_portrait":["https:\/\/juventudes.social.mg.gov.br\/wp-content\/uploads\/2023\/09\/Inserir-um-titulo-22-600x900.png",600,900,true],"portfolio_item-thumbnail_portrait@2x":["https:\/\/juventudes.social.mg.gov.br\/wp-content\/uploads\/2023\/09\/Inserir-um-titulo-22-1200x1200.png",1200,1200,true],"portfolio_item-thumbnail_square":["https:\/\/juventudes.social.mg.gov.br\/wp-content\/uploads\/2023\/09\/Inserir-um-titulo-22-800x800.png",800,800,true]},"_links":{"self":[{"href":"https:\/\/juventudes.social.mg.gov.br\/index.php?rest_route=\/wp\/v2\/pages\/6955","targetHints":{"allow":["GET"]}}],"collection":[{"href":"https:\/\/juventudes.social.mg.gov.br\/index.php?rest_route=\/wp\/v2\/pages"}],"about":[{"href":"https:\/\/juventudes.social.mg.gov.br\/index.php?rest_route=\/wp\/v2\/types\/page"}],"author":[{"embeddable":true,"href":"https:\/\/juventudes.social.mg.gov.br\/index.php?rest_route=\/wp\/v2\/users\/2"}],"replies":[{"embeddable":true,"href":"https:\/\/juventudes.social.mg.gov.br\/index.php?rest_route=%2Fwp%2Fv2%2Fcomments&post=6955"}],"version-history":[{"count":276,"href":"https:\/\/juventudes.social.mg.gov.br\/index.php?rest_route=\/wp\/v2\/pages\/6955\/revisions"}],"predecessor-version":[{"id":9105,"href":"https:\/\/juventudes.social.mg.gov.br\/index.php?rest_route=\/wp\/v2\/pages\/6955\/revisions\/9105"}],"up":[{"embeddable":true,"href":"https:\/\/juventudes.social.mg.gov.br\/index.php?rest_route=\/wp\/v2\/pages\/9004"}],"wp:featuredmedia":[{"embeddable":true,"href":"https:\/\/juventudes.social.mg.gov.br\/index.php?rest_route=\/wp\/v2\/media\/7748"}],"wp:attachment":[{"href":"https:\/\/juventudes.social.mg.gov.br\/index.php?rest_route=%2Fwp%2Fv2%2Fmedia&parent=6955"}],"curies":[{"name":"wp","href":"https:\/\/api.w.org\/{rel}","templated":true}]}}