{"id":6693,"date":"2023-09-14T16:37:12","date_gmt":"2023-09-14T19:37:12","guid":{"rendered":"http:\/\/juventudes.social.mg.gov.br\/?page_id=6693"},"modified":"2023-09-17T07:14:47","modified_gmt":"2023-09-17T10:14:47","slug":"secretariaexecutiva","status":"publish","type":"page","link":"https:\/\/juventudes.social.mg.gov.br\/?page_id=6693","title":{"rendered":"Secretaria Executiva"},"content":{"rendered":"\t\t<div data-elementor-type=\"wp-page\" data-elementor-id=\"6693\" class=\"elementor elementor-6693\">\n\t\t\t\t\t\t<section class=\"elementor-section elementor-top-section elementor-element elementor-element-5c1af12d elementor-section-full_width elementor-section-height-default elementor-section-height-default\" data-id=\"5c1af12d\" data-element_type=\"section\" data-settings=\"{&quot;background_background&quot;:&quot;classic&quot;}\">\n\t\t\t\t\t\t\t<div class=\"elementor-background-overlay\"><\/div>\n\t\t\t\t\t\t\t<div class=\"elementor-container elementor-column-gap-no\">\n\t\t\t\t\t<div class=\"elementor-column elementor-col-100 elementor-top-column elementor-element elementor-element-14518587\" data-id=\"14518587\" data-element_type=\"column\">\n\t\t\t<div class=\"elementor-widget-wrap elementor-element-populated\">\n\t\t\t\t\t\t<section class=\"elementor-section elementor-inner-section elementor-element elementor-element-5c5beca5 elementor-section-boxed elementor-section-height-default elementor-section-height-default\" data-id=\"5c5beca5\" data-element_type=\"section\">\n\t\t\t\t\t\t<div class=\"elementor-container elementor-column-gap-default\">\n\t\t\t\t\t<div class=\"elementor-column elementor-col-100 elementor-inner-column elementor-element elementor-element-ff6440c\" data-id=\"ff6440c\" data-element_type=\"column\">\n\t\t\t<div class=\"elementor-widget-wrap elementor-element-populated\">\n\t\t\t\t\t\t<div class=\"elementor-element elementor-element-6e09da47 elementor-widget elementor-widget-heading\" data-id=\"6e09da47\" data-element_type=\"widget\" data-widget_type=\"heading.default\">\n\t\t\t\t<div class=\"elementor-widget-container\">\n\t\t\t\t\t<h2 class=\"elementor-heading-title elementor-size-default\">QUEM SOMOS?<\/h2>\t\t\t\t<\/div>\n\t\t\t\t<\/div>\n\t\t\t\t\t<\/div>\n\t\t<\/div>\n\t\t\t\t\t<\/div>\n\t\t<\/section>\n\t\t\t\t<section class=\"elementor-section elementor-inner-section elementor-element elementor-element-274b4e2b elementor-section-boxed elementor-section-height-default elementor-section-height-default\" data-id=\"274b4e2b\" data-element_type=\"section\">\n\t\t\t\t\t\t<div class=\"elementor-container elementor-column-gap-default\">\n\t\t\t\t\t<div class=\"elementor-column elementor-col-33 elementor-inner-column elementor-element elementor-element-7d500c49\" data-id=\"7d500c49\" data-element_type=\"column\">\n\t\t\t<div class=\"elementor-widget-wrap elementor-element-populated\">\n\t\t\t\t\t\t<div class=\"elementor-element elementor-element-4b565a93 elementor-view-default elementor-position-top elementor-mobile-position-top elementor-widget elementor-widget-icon-box\" data-id=\"4b565a93\" data-element_type=\"widget\" data-widget_type=\"icon-box.default\">\n\t\t\t\t<div class=\"elementor-widget-container\">\n\t\t\t\t\t\t\t<div class=\"elementor-icon-box-wrapper\">\n\n\t\t\t\t\t\t<div class=\"elementor-icon-box-icon\">\n\t\t\t\t<span  class=\"elementor-icon\">\n\t\t\t\t<svg aria-hidden=\"true\" class=\"e-font-icon-svg e-fas-network-wired\" viewBox=\"0 0 640 512\" xmlns=\"http:\/\/www.w3.org\/2000\/svg\"><path d=\"M640 264v-16c0-8.84-7.16-16-16-16H344v-40h72c17.67 0 32-14.33 32-32V32c0-17.67-14.33-32-32-32H224c-17.67 0-32 14.33-32 32v128c0 17.67 14.33 32 32 32h72v40H16c-8.84 0-16 7.16-16 16v16c0 8.84 7.16 16 16 16h104v40H64c-17.67 0-32 14.33-32 32v128c0 17.67 14.33 32 32 32h160c17.67 0 32-14.33 32-32V352c0-17.67-14.33-32-32-32h-56v-40h304v40h-56c-17.67 0-32 14.33-32 32v128c0 17.67 14.33 32 32 32h160c17.67 0 32-14.33 32-32V352c0-17.67-14.33-32-32-32h-56v-40h104c8.84 0 16-7.16 16-16zM256 128V64h128v64H256zm-64 320H96v-64h96v64zm352 0h-96v-64h96v64z\"><\/path><\/svg>\t\t\t\t<\/span>\n\t\t\t<\/div>\n\t\t\t\n\t\t\t\t\t\t<div class=\"elementor-icon-box-content\">\n\n\t\t\t\t\t\t\t\t\t<h3 class=\"elementor-icon-box-title\">\n\t\t\t\t\t\t<span  >\n\t\t\t\t\t\t\tVincula\u00e7\u00e3o \u00e0 Secretaria de Desenvolvimento Social\t\t\t\t\t\t<\/span>\n\t\t\t\t\t<\/h3>\n\t\t\t\t\n\t\t\t\t\t\t\t\t\t<p class=\"elementor-icon-box-description\">\n\t\t\t\t\t\tSomos servidoras lotadas na Secretaria Executiva do Conselho Estadual de Juventude, mas somos vinculadas \u00e0 Diretoria de Apoio aos \u00d3rg\u00e3os Colegiados de Direitos Humanos da Superintend\u00eancia de Promo\u00e7\u00e3o, Prote\u00e7\u00e3o e Participa\u00e7\u00e3o Social da Subsecretaria de Direitos Humanos\/SUBDH.<br><br><br><br>\t\t\t\t\t<\/p>\n\t\t\t\t\n\t\t\t<\/div>\n\t\t\t\n\t\t<\/div>\n\t\t\t\t\t\t<\/div>\n\t\t\t\t<\/div>\n\t\t\t\t\t<\/div>\n\t\t<\/div>\n\t\t\t\t<div class=\"elementor-column elementor-col-33 elementor-inner-column elementor-element elementor-element-6ab5dd51\" data-id=\"6ab5dd51\" data-element_type=\"column\">\n\t\t\t<div class=\"elementor-widget-wrap elementor-element-populated\">\n\t\t\t\t\t\t<div class=\"elementor-element elementor-element-56009c54 elementor-view-default elementor-position-top elementor-mobile-position-top elementor-widget elementor-widget-icon-box\" data-id=\"56009c54\" data-element_type=\"widget\" data-widget_type=\"icon-box.default\">\n\t\t\t\t<div class=\"elementor-widget-container\">\n\t\t\t\t\t\t\t<div class=\"elementor-icon-box-wrapper\">\n\n\t\t\t\t\t\t<div class=\"elementor-icon-box-icon\">\n\t\t\t\t<span  class=\"elementor-icon\">\n\t\t\t\t<svg aria-hidden=\"true\" class=\"e-font-icon-svg e-fas-map-marker-alt\" viewBox=\"0 0 384 512\" xmlns=\"http:\/\/www.w3.org\/2000\/svg\"><path d=\"M172.268 501.67C26.97 291.031 0 269.413 0 192 0 85.961 85.961 0 192 0s192 85.961 192 192c0 77.413-26.97 99.031-172.268 309.67-9.535 13.774-29.93 13.773-39.464 0zM192 272c44.183 0 80-35.817 80-80s-35.817-80-80-80-80 35.817-80 80 35.817 80 80 80z\"><\/path><\/svg>\t\t\t\t<\/span>\n\t\t\t<\/div>\n\t\t\t\n\t\t\t\t\t\t<div class=\"elementor-icon-box-content\">\n\n\t\t\t\t\t\t\t\t\t<h3 class=\"elementor-icon-box-title\">\n\t\t\t\t\t\t<span  >\n\t\t\t\t\t\t\tTrabalho Semipresencial\n<br>\t\t\t\t\t\t<\/span>\n\t\t\t\t\t<\/h3>\n\t\t\t\t\n\t\t\t\t\t\t\t\t\t<p class=\"elementor-icon-box-description\">\n\t\t\t\t\t\tAntes de vir nos visitar confirme os dias de trabalho presencial com a nossa equipe, n\u00e3o estaremos l\u00e1 todos os dias e queremos poder te receber sempre que precisar!\t\t\t\t\t<\/p>\n\t\t\t\t\n\t\t\t<\/div>\n\t\t\t\n\t\t<\/div>\n\t\t\t\t\t\t<\/div>\n\t\t\t\t<\/div>\n\t\t\t\t\t<\/div>\n\t\t<\/div>\n\t\t\t\t<div class=\"elementor-column elementor-col-33 elementor-inner-column elementor-element elementor-element-48587518\" data-id=\"48587518\" data-element_type=\"column\">\n\t\t\t<div class=\"elementor-widget-wrap elementor-element-populated\">\n\t\t\t\t\t\t<div class=\"elementor-element elementor-element-1736ddb9 elementor-view-default elementor-position-top elementor-mobile-position-top elementor-widget elementor-widget-icon-box\" data-id=\"1736ddb9\" data-element_type=\"widget\" data-widget_type=\"icon-box.default\">\n\t\t\t\t<div class=\"elementor-widget-container\">\n\t\t\t\t\t\t\t<div class=\"elementor-icon-box-wrapper\">\n\n\t\t\t\t\t\t<div class=\"elementor-icon-box-icon\">\n\t\t\t\t<span  class=\"elementor-icon\">\n\t\t\t\t<svg aria-hidden=\"true\" class=\"e-font-icon-svg e-fas-mail-bulk\" viewBox=\"0 0 576 512\" xmlns=\"http:\/\/www.w3.org\/2000\/svg\"><path d=\"M160 448c-25.6 0-51.2-22.4-64-32-64-44.8-83.2-60.8-96-70.4V480c0 17.67 14.33 32 32 32h256c17.67 0 32-14.33 32-32V345.6c-12.8 9.6-32 25.6-96 70.4-12.8 9.6-38.4 32-64 32zm128-192H32c-17.67 0-32 14.33-32 32v16c25.6 19.2 22.4 19.2 115.2 86.4 9.6 6.4 28.8 25.6 44.8 25.6s35.2-19.2 44.8-22.4c92.8-67.2 89.6-67.2 115.2-86.4V288c0-17.67-14.33-32-32-32zm256-96H224c-17.67 0-32 14.33-32 32v32h96c33.21 0 60.59 25.42 63.71 57.82l.29-.22V416h192c17.67 0 32-14.33 32-32V192c0-17.67-14.33-32-32-32zm-32 128h-64v-64h64v64zm-352-96c0-35.29 28.71-64 64-64h224V32c0-17.67-14.33-32-32-32H96C78.33 0 64 14.33 64 32v192h96v-32z\"><\/path><\/svg>\t\t\t\t<\/span>\n\t\t\t<\/div>\n\t\t\t\n\t\t\t\t\t\t<div class=\"elementor-icon-box-content\">\n\n\t\t\t\t\t\t\t\t\t<h3 class=\"elementor-icon-box-title\">\n\t\t\t\t\t\t<span  >\n\t\t\t\t\t\t\tEntre em Contato!\n<br>\t\t\t\t\t\t<\/span>\n\t\t\t\t\t<\/h3>\n\t\t\t\t\n\t\t\t\t\t\t\t\t\t<p class=\"elementor-icon-box-description\">\n\t\t\t\t\t\tEstamos dispon\u00edveis no e-mail oficial do Cejuve MG e no telefone da Secretaria Executiva:<br><br>cejuve@social.mg.gov.br<br>(31) 3270-3641\t\t\t\t\t<\/p>\n\t\t\t\t\n\t\t\t<\/div>\n\t\t\t\n\t\t<\/div>\n\t\t\t\t\t\t<\/div>\n\t\t\t\t<\/div>\n\t\t\t\t\t<\/div>\n\t\t<\/div>\n\t\t\t\t\t<\/div>\n\t\t<\/section>\n\t\t\t\t\t<\/div>\n\t\t<\/div>\n\t\t\t\t\t<\/div>\n\t\t<\/section>\n\t\t\t\t<section class=\"elementor-section elementor-top-section elementor-element elementor-element-79c23755 elementor-section-boxed elementor-section-height-default elementor-section-height-default\" data-id=\"79c23755\" data-element_type=\"section\" data-settings=\"{&quot;background_background&quot;:&quot;classic&quot;}\">\n\t\t\t\t\t\t<div class=\"elementor-container elementor-column-gap-no\">\n\t\t\t\t\t<div class=\"elementor-column elementor-col-100 elementor-top-column elementor-element elementor-element-39e1062\" data-id=\"39e1062\" data-element_type=\"column\">\n\t\t\t<div class=\"elementor-widget-wrap elementor-element-populated\">\n\t\t\t\t\t\t<div class=\"elementor-element elementor-element-1794f4ed elementor-widget elementor-widget-heading\" data-id=\"1794f4ed\" data-element_type=\"widget\" data-widget_type=\"heading.default\">\n\t\t\t\t<div class=\"elementor-widget-container\">\n\t\t\t\t\t<h2 class=\"elementor-heading-title elementor-size-default\">NOSSA EQUIPE<\/h2>\t\t\t\t<\/div>\n\t\t\t\t<\/div>\n\t\t\t\t\t<\/div>\n\t\t<\/div>\n\t\t\t\t\t<\/div>\n\t\t<\/section>\n\t\t\t\t<section class=\"elementor-section elementor-top-section elementor-element elementor-element-4809f5de elementor-section-boxed elementor-section-height-default elementor-section-height-default\" data-id=\"4809f5de\" data-element_type=\"section\" data-settings=\"{&quot;background_background&quot;:&quot;classic&quot;}\">\n\t\t\t\t\t\t<div class=\"elementor-container elementor-column-gap-custom\">\n\t\t\t\t\t<div class=\"elementor-column elementor-col-25 elementor-top-column elementor-element elementor-element-10bff1a7\" data-id=\"10bff1a7\" data-element_type=\"column\">\n\t\t\t<div class=\"elementor-widget-wrap elementor-element-populated\">\n\t\t\t\t\t\t<div class=\"elementor-element elementor-element-8e0665c elementor-widget elementor-widget-wpzoom-elementor-addons-team-members\" data-id=\"8e0665c\" data-element_type=\"widget\" data-widget_type=\"wpzoom-elementor-addons-team-members.default\">\n\t\t\t\t<div class=\"elementor-widget-container\">\n\t\t\t\t\t\n\t\t\n\t\t<div class=\"wpz-member-body\">\n\t\t\t<h2 class=\"wpz-member-name\">Cl\u00e1udia Rodrigues C\u00e9sar<\/h2>\n\t\t\t\t\t\t\t<div class=\"wpz-member-position\">secret\u00e1ria executiva<\/div>\n\t\t\t\n\t\t\t\t\t\t\t<div class=\"wpz-member-bio\">\n\t\t\t\t\t<p>As atividades exercidas como Secret\u00e1ria Executiva do CEJUVE\/MG s\u00e3o de car\u00e1ter t\u00e9cnico administrativo, englobando: atendimento aos conselheiros nas demandas deliberadas em plen\u00e1ria e mesa diretora. Elabora\u00e7\u00e3o de expedientes diversos, memorandos, of\u00edcios, acompanhamento de e-mail institucional e SEI, Notas T\u00e9cnicas e Termos de Saneamento. Organiza\u00e7\u00e3o de plen\u00e1rias e comiss\u00f5es, participa\u00e7\u00e3o em reuni\u00f5es da coordena\u00e7\u00e3o da CDH quando demandada. Elabora\u00e7\u00e3o de Atas e relat\u00f3rios de reuni\u00f5es. Gest\u00e3o da equipe de servidoras do Conselho. Instru\u00e7\u00e3o de processos no SEI da unidade do Conselho.<\/p>\n\t\t\t\t<\/div>\n\t\t\t\n\t\t\t\n\t\t\t\t\t\t\t<div class=\"wpz-member-links\">\n\t\t\t\t\t<a target=\"_blank\" rel=\"noopener\" href=\"mailto:cla&#117;&#100;&#105;a.ce&#115;ar&#064;so&#099;&#105;al&#046;mg.&#103;&#111;v&#046;b&#114;\" class=\"elementor-repeater-item-3f91eaa\"><i class=\"fa-envelope fab\" aria-hidden=\"true\"><\/i><\/a><a target=\"_blank\" rel=\"noopener\" href=\"mailto:&#099;&#101;&#106;uv&#101;&#064;s&#111;&#099;i&#097;l&#046;m&#103;&#046;g&#111;&#118;&#046;&#098;r\" class=\"elementor-repeater-item-b93493f\"><i class=\"fa-envelope fab\" aria-hidden=\"true\"><\/i><\/a>\t\t\t\t<\/div>\n\t\t\t\n\t\t\t\t\t<\/div>\n\t\t\t\t\t\t<\/div>\n\t\t\t\t<\/div>\n\t\t\t\t\t<\/div>\n\t\t<\/div>\n\t\t\t\t<div class=\"elementor-column elementor-col-25 elementor-top-column elementor-element elementor-element-38ec6c8\" data-id=\"38ec6c8\" data-element_type=\"column\">\n\t\t\t<div class=\"elementor-widget-wrap elementor-element-populated\">\n\t\t\t\t\t\t<div class=\"elementor-element elementor-element-4b9f7553 elementor-widget elementor-widget-wpzoom-elementor-addons-team-members\" data-id=\"4b9f7553\" data-element_type=\"widget\" data-widget_type=\"wpzoom-elementor-addons-team-members.default\">\n\t\t\t\t<div class=\"elementor-widget-container\">\n\t\t\t\t\t\n\t\t\n\t\t<div class=\"wpz-member-body\">\n\t\t\t<h2 class=\"wpz-member-name\">Marlene da Costa de Morais<\/h2>\n\t\t\t\t\t\t\t<div class=\"wpz-member-position\">SUPORTE T\u00c9CNICO<\/div>\n\t\t\t\n\t\t\t\t\t\t\t<div class=\"wpz-member-bio\">\n\t\t\t\t\t<p>Suporte t\u00e9cnico e administrativo necess\u00e1rios ao funcionamento do Cejuve.<\/p>\n\t\t\t\t<\/div>\n\t\t\t\n\t\t\t\n\t\t\t\t\t\t\t<div class=\"wpz-member-links\">\n\t\t\t\t\t<a target=\"_blank\" rel=\"noopener\" href=\"mailto:mar&#108;en&#101;&#046;mor&#097;&#101;&#115;&#064;&#115;o&#099;&#105;&#097;l&#046;&#109;&#103;&#046;&#103;&#111;&#118;.&#098;&#114;\" class=\"elementor-repeater-item-7faa19b\"><i class=\"fa-envelope fab\" aria-hidden=\"true\"><\/i><\/a>\t\t\t\t<\/div>\n\t\t\t\n\t\t\t\t\t<\/div>\n\t\t\t\t\t\t<\/div>\n\t\t\t\t<\/div>\n\t\t\t\t\t<\/div>\n\t\t<\/div>\n\t\t\t\t<div class=\"elementor-column elementor-col-25 elementor-top-column elementor-element elementor-element-b0455b7\" data-id=\"b0455b7\" data-element_type=\"column\">\n\t\t\t<div class=\"elementor-widget-wrap elementor-element-populated\">\n\t\t\t\t\t\t<div class=\"elementor-element elementor-element-5b725c4e elementor-widget elementor-widget-wpzoom-elementor-addons-team-members\" data-id=\"5b725c4e\" data-element_type=\"widget\" data-widget_type=\"wpzoom-elementor-addons-team-members.default\">\n\t\t\t\t<div class=\"elementor-widget-container\">\n\t\t\t\t\t\n\t\t\n\t\t<div class=\"wpz-member-body\">\n\t\t\t<h2 class=\"wpz-member-name\">Rafaela Tenuta Silva<br><br><\/h2>\n\t\t\t\t\t\t\t<div class=\"wpz-member-position\">SUPORTE T\u00c9CNICO<\/div>\n\t\t\t\n\t\t\t\t\t\t\t<div class=\"wpz-member-bio\">\n\t\t\t\t\t<p>Suporte t\u00e9cnico e administrativo necess\u00e1rios ao funcionamento do Cejuve.<\/p>\n\t\t\t\t<\/div>\n\t\t\t\n\t\t\t\n\t\t\t\t\t\t\t<div class=\"wpz-member-links\">\n\t\t\t\t\t<a target=\"_blank\" rel=\"noopener\" href=\"mailto:r&#097;fae&#108;&#097;&#046;ten&#117;t&#097;&#064;&#115;oc&#105;&#097;l&#046;&#109;g&#046;g&#111;v&#046;&#098;&#114;\" class=\"elementor-repeater-item-3f91eaa\"><i class=\"fa-envelope fab\" aria-hidden=\"true\"><\/i><\/a>\t\t\t\t<\/div>\n\t\t\t\n\t\t\t\t\t<\/div>\n\t\t\t\t\t\t<\/div>\n\t\t\t\t<\/div>\n\t\t\t\t\t<\/div>\n\t\t<\/div>\n\t\t\t\t<div class=\"elementor-column elementor-col-25 elementor-top-column elementor-element elementor-element-01bca4b\" data-id=\"01bca4b\" data-element_type=\"column\">\n\t\t\t<div class=\"elementor-widget-wrap elementor-element-populated\">\n\t\t\t\t\t\t<div class=\"elementor-element elementor-element-86d8815 elementor-widget elementor-widget-wpzoom-elementor-addons-team-members\" data-id=\"86d8815\" data-element_type=\"widget\" data-widget_type=\"wpzoom-elementor-addons-team-members.default\">\n\t\t\t\t<div class=\"elementor-widget-container\">\n\t\t\t\t\t\n\t\t\n\t\t<div class=\"wpz-member-body\">\n\t\t\t<h2 class=\"wpz-member-name\">Sandra Pereira da Silva<\/h2>\n\t\t\t\t\t\t\t<div class=\"wpz-member-position\">SUPORTE T\u00c9CNICO<\/div>\n\t\t\t\n\t\t\t\t\t\t\t<div class=\"wpz-member-bio\">\n\t\t\t\t\t<p>Suporte t\u00e9cnico e administrativo necess\u00e1rios ao funcionamento do Cejuve.<\/p>\n\t\t\t\t<\/div>\n\t\t\t\n\t\t\t\n\t\t\t\t\t\t\t<div class=\"wpz-member-links\">\n\t\t\t\t\t<a target=\"_blank\" rel=\"noopener\" href=\"mailto:sand&#114;a&#046;&#112;e&#114;&#101;&#105;&#114;a&#064;so&#099;&#105;&#097;l.&#109;&#103;.&#103;&#111;v.b&#114;\" class=\"elementor-repeater-item-3f91eaa\"><i class=\"fa-envelope fab\" aria-hidden=\"true\"><\/i><\/a>\t\t\t\t<\/div>\n\t\t\t\n\t\t\t\t\t<\/div>\n\t\t\t\t\t\t<\/div>\n\t\t\t\t<\/div>\n\t\t\t\t\t<\/div>\n\t\t<\/div>\n\t\t\t\t\t<\/div>\n\t\t<\/section>\n\t\t<div class=\"elementor-element elementor-element-31283b3 e-flex e-con-boxed e-con e-parent\" data-id=\"31283b3\" data-element_type=\"container\">\n\t\t\t\t\t<div class=\"e-con-inner\">\n\t\t\t\t<div class=\"elementor-element elementor-element-40355cd elementor-widget elementor-widget-heading\" data-id=\"40355cd\" data-element_type=\"widget\" data-widget_type=\"heading.default\">\n\t\t\t\t<div class=\"elementor-widget-container\">\n\t\t\t\t\t<h2 class=\"elementor-heading-title elementor-size-default\"><br><br><br>COMPET\u00caNCIAS ATRIBU\u00cdDAS VIA REGIMENTO INTERNO - CEJUVE MG<\/h2>\t\t\t\t<\/div>\n\t\t\t\t<\/div>\n\t\t\t\t\t<\/div>\n\t\t\t\t<\/div>\n\t\t<div class=\"elementor-element elementor-element-6efd50a e-flex e-con-boxed e-con e-parent\" data-id=\"6efd50a\" data-element_type=\"container\">\n\t\t\t\t\t<div class=\"e-con-inner\">\n\t\t\t\t<div class=\"elementor-element elementor-element-7b95312 elementor-widget elementor-widget-text-editor\" data-id=\"7b95312\" data-element_type=\"widget\" data-widget_type=\"text-editor.default\">\n\t\t\t\t<div class=\"elementor-widget-container\">\n\t\t\t\t\t\t\t\t\t<p>T\u00edtulo IV<br \/>Da Secretaria Executiva<\/p><p><span style=\"color: var( --e-global-color-text ); text-align: var(--text-align);\">Art. 50\u2013 \u00c0 Secretaria Executiva \u00e9 \u00f3rg\u00e3o de apoio administrativo com a finalidade de\u00a0<\/span><span style=\"color: var( --e-global-color-text ); text-align: var(--text-align);\">prestar o suporte t\u00e9cnico e administrativo necess\u00e1rios ao funcionamento do\u00a0<\/span><span style=\"color: var( --e-global-color-text ); text-align: var(--text-align);\">CEJUVE-MG.<\/span><\/p><p>Art. 51- \u00c0 Secretaria Executiva compete:<br \/>I &#8211; Participar das reuni\u00f5es Plen\u00e1rias e outras convidadas pela Mesa Diretora do\u00a0Conselho:<br \/>II \u2013 Encaminhar a ata da \u00faltima reuni\u00e3o por e-mail para todos os Conselheiros para\u00a0aprova\u00e7\u00e3o com, no m\u00ednimo, dez dias de anteced\u00eancia para a pr\u00f3xima plen\u00e1ria.<br \/>III &#8211; Manter o arquivo das s\u00famulas das Comiss\u00f5es Tem\u00e1ticas e das Delibera\u00e7\u00f5es,\u00a0Pareceres, Portarias, Mo\u00e7\u00f5es e outros documentos do Conselho;<br \/>IV &#8211; Organizar o recebimento e a expedi\u00e7\u00e3o de correspond\u00eancia do Conselho;<br \/>V &#8211; Manter o Conselho informado sobre os programas do Poder P\u00fablico e da\u00a0Sociedade Civil, nacionais e internacionais, que possam subsidiar e financiar\u00a0estudos, projetos e a\u00e7\u00f5es para a juventude;<br \/>VI &#8211; Apoiar a Mesa Diretora na intera\u00e7\u00e3o e articula\u00e7\u00e3o entre o Conselho Nacional,\u00a0Conselhos Estaduais e Municipais e demais Conselhos afins;<br \/>VII &#8211; Organizar e manter atualizada a biblioteca e o banco de dados do Conselho;<br \/>VIII \u2013 Auxiliar na organiza\u00e7\u00e3o de eventos promovidos pelo Conselho;<br \/>IX &#8211; Participar de reuni\u00f5es e eventos quando designada pela Mesa Diretora;<br \/>X &#8211; Subsidiar os Conselheiros com rela\u00e7\u00e3o \u00e0s mat\u00e9rias a serem discutidas nas\u00a0Comiss\u00f5es;<br \/>XII \u2013 Informar \u00e0 Mesa Diretora sobre compromissos agendados e manter os\u00a0Conselheiros informados das reuni\u00f5es e pautas;<br \/>XIII &#8211; Supervisionar todas as atividades de car\u00e1ter administrativo e financeiro que\u00a0servem de apoio ao funcionamento do Conselho;<br \/>XIV &#8211; Dar conhecimento aos conselheiros\/ass do CEJUVE-MG, com anteced\u00eancia\u00a0m\u00ednima de quarenta e oito horas, da ordem do dia das reuni\u00f5es ordin\u00e1rias;<br \/>XV \u2013 Exercer outras atribui\u00e7\u00f5es designadas pela Mesa Diretora ou decorrentes de\u00a0disposi\u00e7\u00f5es regimentais em raz\u00e3o da natureza da fun\u00e7\u00e3o.<\/p><p>Art. 52 &#8211; Os trabalhos da reuni\u00e3o Plen\u00e1ria ser\u00e3o gravados, registrados em ata\u00a0digitada e, ap\u00f3s sua aprova\u00e7\u00e3o, por e-mail ser\u00e1 assinada pela mesa diretora ad\u00a0referendum na pr\u00f3xima reuni\u00e3o da plen\u00e1ria.<br \/>\u00a7 1\u00b0- As s\u00famulas das atas ser\u00e3o publicadas no site oficial do CEJUVE-MG.<br \/>\u00a7 2\u00b0- No final do ano todas as atas Plen\u00e1rias ser\u00e3o devidamente arquivadas na\u00a0Secretaria do Conselho.<\/p><p>\u00a0<\/p>\t\t\t\t\t\t\t\t<\/div>\n\t\t\t\t<\/div>\n\t\t\t\t\t<\/div>\n\t\t\t\t<\/div>\n\t\t\t\t<section class=\"elementor-section elementor-top-section elementor-element elementor-element-32cc1523 elementor-section-full_width elementor-section-height-default elementor-section-height-default\" data-id=\"32cc1523\" data-element_type=\"section\">\n\t\t\t\t\t\t<div class=\"elementor-container elementor-column-gap-default\">\n\t\t\t\t\t<div class=\"elementor-column elementor-col-100 elementor-top-column elementor-element elementor-element-7f5acc2a\" data-id=\"7f5acc2a\" data-element_type=\"column\" data-settings=\"{&quot;background_background&quot;:&quot;classic&quot;}\">\n\t\t\t<div class=\"elementor-widget-wrap elementor-element-populated\">\n\t\t\t\t\t\t<div class=\"elementor-element elementor-element-6a7652be elementor-widget elementor-widget-heading\" data-id=\"6a7652be\" data-element_type=\"widget\" data-widget_type=\"heading.default\">\n\t\t\t\t<div class=\"elementor-widget-container\">\n\t\t\t\t\t<h2 class=\"elementor-heading-title elementor-size-default\">NOSSO ENDERE\u00c7O<\/h2>\t\t\t\t<\/div>\n\t\t\t\t<\/div>\n\t\t\t\t<div class=\"elementor-element elementor-element-48d75f7a elementor-widget-tablet__width-inherit elementor-widget-mobile__width-inherit elementor-widget elementor-widget-text-editor\" data-id=\"48d75f7a\" data-element_type=\"widget\" data-widget_type=\"text-editor.default\">\n\t\t\t\t<div class=\"elementor-widget-container\">\n\t\t\t\t\t\t\t\t\t<div class=\"elementor-element elementor-element-3e9394e4 elementor-widget elementor-widget-heading\" data-id=\"3e9394e4\" data-element_type=\"widget\" data-widget_type=\"heading.default\"><div class=\"elementor-widget-container\">\u00a0<span style=\"color: var( --e-global-color-text ); font-family: var( --e-global-typography-text-font-family ), Sans-serif; font-weight: var( --e-global-typography-text-font-weight );\">Av. Amazonas, 558 \u2013 Centro\u00a0\u2013\u00a0Belo Horizonte\/MG<\/span><\/div><\/div><div class=\"elementor-element elementor-element-5fb5a39b elementor-widget-tablet__width-inherit elementor-widget-mobile__width-inherit elementor-widget elementor-widget-text-editor\" data-id=\"5fb5a39b\" data-element_type=\"widget\" data-widget_type=\"text-editor.default\"><div class=\"elementor-widget-container\"><div class=\"elementor-element elementor-element-5fb5a39b elementor-widget-tablet__width-inherit elementor-widget-mobile__width-inherit elementor-widget elementor-widget-text-editor\" data-id=\"5fb5a39b\" data-element_type=\"widget\" data-widget_type=\"text-editor.default\"><div class=\"elementor-widget-container\"><div class=\"elementor-element elementor-element-5fb5a39b elementor-widget-tablet__width-inherit elementor-widget-mobile__width-inherit elementor-widget elementor-widget-text-editor\" data-id=\"5fb5a39b\" data-element_type=\"widget\" data-widget_type=\"text-editor.default\"><div class=\"elementor-widget-container\"><p>CEP: 30170-130<\/p><\/div><\/div><\/div><\/div><\/div><\/div>\t\t\t\t\t\t\t\t<\/div>\n\t\t\t\t<\/div>\n\t\t\t\t<div class=\"elementor-element elementor-element-64b5a347 elementor-widget elementor-widget-google_maps\" data-id=\"64b5a347\" data-element_type=\"widget\" data-widget_type=\"google_maps.default\">\n\t\t\t\t<div class=\"elementor-widget-container\">\n\t\t\t\t\t\t\t<div class=\"elementor-custom-embed\">\n\t\t\t<iframe loading=\"lazy\"\n\t\t\t\t\tsrc=\"https:\/\/maps.google.com\/maps?q=NOSSO%20ENDERE%C3%87O%20Av.%20Amazonas%2C%20558%20%E2%80%93%20Centro%20%E2%80%93%20Belo%20Horizonte%2FMG%20&#038;t=m&#038;z=16&#038;output=embed&#038;iwloc=near\"\n\t\t\t\t\ttitle=\"NOSSO ENDERE\u00c7O Av. Amazonas, 558 \u2013 Centro \u2013 Belo Horizonte\/MG \"\n\t\t\t\t\taria-label=\"NOSSO ENDERE\u00c7O Av. Amazonas, 558 \u2013 Centro \u2013 Belo Horizonte\/MG \"\n\t\t\t><\/iframe>\n\t\t<\/div>\n\t\t\t\t\t\t<\/div>\n\t\t\t\t<\/div>\n\t\t\t\t\t<\/div>\n\t\t<\/div>\n\t\t\t\t\t<\/div>\n\t\t<\/section>\n\t\t<div class=\"elementor-element elementor-element-d90064c e-flex e-con-boxed e-con e-parent\" data-id=\"d90064c\" data-element_type=\"container\">\n\t\t\t\t\t<div class=\"e-con-inner\">\n\t\t\t\t<div class=\"elementor-element elementor-element-5b57b9d elementor-widget elementor-widget-spacer\" data-id=\"5b57b9d\" data-element_type=\"widget\" data-widget_type=\"spacer.default\">\n\t\t\t\t<div class=\"elementor-widget-container\">\n\t\t\t\t\t\t\t<div class=\"elementor-spacer\">\n\t\t\t<div class=\"elementor-spacer-inner\"><\/div>\n\t\t<\/div>\n\t\t\t\t\t\t<\/div>\n\t\t\t\t<\/div>\n\t\t\t\t\t<\/div>\n\t\t\t\t<\/div>\n\t\t\t\t<\/div>\n\t\t","protected":false},"excerpt":{"rendered":"<p>QUEM SOMOS? Vincula\u00e7\u00e3o \u00e0 Secretaria de Desenvolvimento Social Somos servidoras lotadas na Secretaria Executiva do Conselho Estadual de Juventude, mas somos vinculadas \u00e0 Diretoria de Apoio aos \u00d3rg\u00e3os Colegiados de Direitos Humanos da Superintend\u00eancia de Promo\u00e7\u00e3o, Prote\u00e7\u00e3o e Participa\u00e7\u00e3o Social da Subsecretaria de Direitos Humanos\/SUBDH. Trabalho Semipresencial Antes de vir nos visitar confirme os dias &hellip; <\/p>\n<p class=\"link-more\"><a href=\"https:\/\/juventudes.social.mg.gov.br\/?page_id=6693\" class=\"more-link\">Leia mais<span class=\"screen-reader-text\"> &#8220;Secretaria Executiva&#8221;<\/span><\/a><\/p>\n","protected":false},"author":1,"featured_media":7579,"parent":5592,"menu_order":0,"comment_status":"closed","ping_status":"closed","template":"page-templates\/full-width-builder-bb.php","meta":{"footnotes":""},"class_list":["post-6693","page","type-page","status-publish","has-post-thumbnail","hentry"],"aioseo_notices":[],"featured_media_urls":{"thumbnail":["https:\/\/juventudes.social.mg.gov.br\/wp-content\/uploads\/2023\/09\/MARCA-4-150x150.png",150,150,true],"medium":["https:\/\/juventudes.social.mg.gov.br\/wp-content\/uploads\/2023\/09\/MARCA-4-300x169.png",300,169,true],"medium_large":["https:\/\/juventudes.social.mg.gov.br\/wp-content\/uploads\/2023\/09\/MARCA-4-768x432.png",768,432,true],"large":["https:\/\/juventudes.social.mg.gov.br\/wp-content\/uploads\/2023\/09\/MARCA-4-1024x576.png",950,534,true],"1536x1536":["https:\/\/juventudes.social.mg.gov.br\/wp-content\/uploads\/2023\/09\/MARCA-4-1536x864.png",1536,864,true],"2048x2048":["https:\/\/juventudes.social.mg.gov.br\/wp-content\/uploads\/2023\/09\/MARCA-4-2048x2048.png",2048,2048,true],"inspiro-featured-image":["https:\/\/juventudes.social.mg.gov.br\/wp-content\/uploads\/2023\/09\/MARCA-4-2000x1125.png",2000,1125,true],"inspiro-loop":["https:\/\/juventudes.social.mg.gov.br\/wp-content\/uploads\/2023\/09\/MARCA-4-950x320.png",950,320,true],"inspiro-loop@2x":["https:\/\/juventudes.social.mg.gov.br\/wp-content\/uploads\/2023\/09\/MARCA-4-1900x640.png",1900,640,true],"portfolio_item-thumbnail":["https:\/\/juventudes.social.mg.gov.br\/wp-content\/uploads\/2023\/09\/MARCA-4-600x400.png",600,400,true],"portfolio_item-thumbnail@2x":["https:\/\/juventudes.social.mg.gov.br\/wp-content\/uploads\/2023\/09\/MARCA-4-1200x800.png",1200,800,true],"portfolio_item-masonry":["https:\/\/juventudes.social.mg.gov.br\/wp-content\/uploads\/2023\/09\/MARCA-4-600x338.png",600,338,true],"portfolio_item-masonry@2x":["https:\/\/juventudes.social.mg.gov.br\/wp-content\/uploads\/2023\/09\/MARCA-4-1200x675.png",1200,675,true],"portfolio_item-thumbnail_cinema":["https:\/\/juventudes.social.mg.gov.br\/wp-content\/uploads\/2023\/09\/MARCA-4-800x335.png",800,335,true],"portfolio_item-thumbnail_portrait":["https:\/\/juventudes.social.mg.gov.br\/wp-content\/uploads\/2023\/09\/MARCA-4-600x900.png",600,900,true],"portfolio_item-thumbnail_portrait@2x":["https:\/\/juventudes.social.mg.gov.br\/wp-content\/uploads\/2023\/09\/MARCA-4-1200x1080.png",1200,1080,true],"portfolio_item-thumbnail_square":["https:\/\/juventudes.social.mg.gov.br\/wp-content\/uploads\/2023\/09\/MARCA-4-800x800.png",800,800,true]},"_links":{"self":[{"href":"https:\/\/juventudes.social.mg.gov.br\/index.php?rest_route=\/wp\/v2\/pages\/6693","targetHints":{"allow":["GET"]}}],"collection":[{"href":"https:\/\/juventudes.social.mg.gov.br\/index.php?rest_route=\/wp\/v2\/pages"}],"about":[{"href":"https:\/\/juventudes.social.mg.gov.br\/index.php?rest_route=\/wp\/v2\/types\/page"}],"author":[{"embeddable":true,"href":"https:\/\/juventudes.social.mg.gov.br\/index.php?rest_route=\/wp\/v2\/users\/1"}],"replies":[{"embeddable":true,"href":"https:\/\/juventudes.social.mg.gov.br\/index.php?rest_route=%2Fwp%2Fv2%2Fcomments&post=6693"}],"version-history":[{"count":60,"href":"https:\/\/juventudes.social.mg.gov.br\/index.php?rest_route=\/wp\/v2\/pages\/6693\/revisions"}],"predecessor-version":[{"id":8434,"href":"https:\/\/juventudes.social.mg.gov.br\/index.php?rest_route=\/wp\/v2\/pages\/6693\/revisions\/8434"}],"up":[{"embeddable":true,"href":"https:\/\/juventudes.social.mg.gov.br\/index.php?rest_route=\/wp\/v2\/pages\/5592"}],"wp:featuredmedia":[{"embeddable":true,"href":"https:\/\/juventudes.social.mg.gov.br\/index.php?rest_route=\/wp\/v2\/media\/7579"}],"wp:attachment":[{"href":"https:\/\/juventudes.social.mg.gov.br\/index.php?rest_route=%2Fwp%2Fv2%2Fmedia&parent=6693"}],"curies":[{"name":"wp","href":"https:\/\/api.w.org\/{rel}","templated":true}]}}