{"id":6692,"date":"2023-09-14T16:37:24","date_gmt":"2023-09-14T19:37:24","guid":{"rendered":"http:\/\/juventudes.social.mg.gov.br\/?page_id=6692"},"modified":"2026-04-09T14:40:31","modified_gmt":"2026-04-09T17:40:31","slug":"mesa","status":"publish","type":"page","link":"https:\/\/juventudes.social.mg.gov.br\/?page_id=6692","title":{"rendered":"Mesa Diretora"},"content":{"rendered":"\t\t<div data-elementor-type=\"wp-page\" data-elementor-id=\"6692\" class=\"elementor elementor-6692\">\n\t\t\t\t\t\t<section class=\"elementor-section elementor-top-section elementor-element elementor-element-79c23755 elementor-section-boxed elementor-section-height-default elementor-section-height-default\" data-id=\"79c23755\" data-element_type=\"section\" data-settings=\"{&quot;background_background&quot;:&quot;classic&quot;}\">\n\t\t\t\t\t\t<div class=\"elementor-container elementor-column-gap-no\">\n\t\t\t\t\t<div class=\"elementor-column elementor-col-100 elementor-top-column elementor-element elementor-element-39e1062\" data-id=\"39e1062\" data-element_type=\"column\">\n\t\t\t<div class=\"elementor-widget-wrap elementor-element-populated\">\n\t\t\t\t\t\t<div class=\"elementor-element elementor-element-1794f4ed elementor-widget elementor-widget-heading\" data-id=\"1794f4ed\" data-element_type=\"widget\" data-widget_type=\"heading.default\">\n\t\t\t\t<div class=\"elementor-widget-container\">\n\t\t\t\t\t<h2 class=\"elementor-heading-title elementor-size-default\">MANDATO VIGENTE<br>2024-2026<\/h2>\t\t\t\t<\/div>\n\t\t\t\t<\/div>\n\t\t\t\t\t<\/div>\n\t\t<\/div>\n\t\t\t\t\t<\/div>\n\t\t<\/section>\n\t\t\t\t<section class=\"elementor-section elementor-top-section elementor-element elementor-element-4809f5de elementor-section-boxed elementor-section-height-default elementor-section-height-default\" data-id=\"4809f5de\" data-element_type=\"section\" data-settings=\"{&quot;background_background&quot;:&quot;classic&quot;}\">\n\t\t\t\t\t\t<div class=\"elementor-container elementor-column-gap-custom\">\n\t\t\t\t\t<div class=\"elementor-column elementor-col-33 elementor-top-column elementor-element elementor-element-10bff1a7\" data-id=\"10bff1a7\" data-element_type=\"column\">\n\t\t\t<div class=\"elementor-widget-wrap elementor-element-populated\">\n\t\t\t\t\t\t<div class=\"elementor-element elementor-element-8e0665c elementor-widget elementor-widget-wpzoom-elementor-addons-team-members\" data-id=\"8e0665c\" data-element_type=\"widget\" data-widget_type=\"wpzoom-elementor-addons-team-members.default\">\n\t\t\t\t<div class=\"elementor-widget-container\">\n\t\t\t\t\t\n\t\t\t\t\t<figure class=\"wpz-member-figure\">\n\t\t\t\t<img decoding=\"async\" width=\"175\" height=\"244\" src=\"https:\/\/juventudes.social.mg.gov.br\/wp-content\/uploads\/2026\/03\/gabriel.png\" class=\"elementor-animation-disable-animation attachment-large size-large wp-image-9318\" alt=\"\" sizes=\"100vw\" \/>\t\t\t<\/figure>\n\t\t\n\t\t<div class=\"wpz-member-body\">\n\t\t\t<h2 class=\"wpz-member-name\">Gabriel Queiroz da Rocha<\/h2>\n\t\t\t\t\t\t\t<div class=\"wpz-member-position\">PRESIDENTE (governamental)<\/div>\n\t\t\t\n\t\t\t\t\t\t\t<div class=\"wpz-member-bio\">\n\t\t\t\t\t<p>GABRIEL QUEIROZ DA ROCHA, 22 anos, graduando em Administra\u00e7\u00e3o pela Universidade Federal de Minas Gerais (UFMG). Atua no setor p\u00fablico h\u00e1 mais de tr\u00eas anos na Secretaria de Estado de Desenvolvimento Econ\u00f4mico (SEDE), com passagens pela Diretoria de Atra\u00e7\u00e3o de Investimentos, pela Diretoria de Inova\u00e7\u00e3o Aberta e, mais recentemente, como assessor no Gabinete da Subsecretaria de Ci\u00eancia, Tecnologia e Inova\u00e7\u00e3o (SUBINOVA). Atualmente, \u00e9 membro e presidente do Conselho Estadual da Juventude. Entre suas atua\u00e7\u00f5es voltadas \u00e0s juventudes, destaca-se a participa\u00e7\u00e3o na Comiss\u00e3o Organizadora Estadual (COE) da 6\u00aa Confer\u00eancia Estadual das Juventudes (2025), como representante do Governo de Minas Gerais. Busca desenvolver um trabalho s\u00e9rio e propositivo, com foco na constru\u00e7\u00e3o de um legado positivo para as juventudes mineiras.<\/p>\n\t\t\t\t<\/div>\n\t\t\t\n\t\t\t\n\t\t\t\n\t\t\t\t\t<\/div>\n\t\t\t\t\t\t<\/div>\n\t\t\t\t<\/div>\n\t\t\t\t\t<\/div>\n\t\t<\/div>\n\t\t\t\t<div class=\"elementor-column elementor-col-33 elementor-top-column elementor-element elementor-element-38ec6c8\" data-id=\"38ec6c8\" data-element_type=\"column\">\n\t\t\t<div class=\"elementor-widget-wrap elementor-element-populated\">\n\t\t\t\t\t\t<div class=\"elementor-element elementor-element-4b9f7553 elementor-widget elementor-widget-wpzoom-elementor-addons-team-members\" data-id=\"4b9f7553\" data-element_type=\"widget\" data-widget_type=\"wpzoom-elementor-addons-team-members.default\">\n\t\t\t\t<div class=\"elementor-widget-container\">\n\t\t\t\t\t\n\t\t\t\t\t<figure class=\"wpz-member-figure\">\n\t\t\t\t<img decoding=\"async\" src=\"https:\/\/juventudes.social.mg.gov.br\/wp-content\/uploads\/2026\/03\/wesley.png\" title=\"wesley\" alt=\"wesley\" class=\"elementor-animation-disable-animation\" loading=\"lazy\" \/>\t\t\t<\/figure>\n\t\t\n\t\t<div class=\"wpz-member-body\">\n\t\t\t<h2 class=\"wpz-member-name\">Wesley Ferreira<\/h2>\n\t\t\t\t\t\t\t<div class=\"wpz-member-position\">VICE-PRESIDENTE (sociedade civil)<\/div>\n\t\t\t\n\t\t\t\t\t\t\t<div class=\"wpz-member-bio\">\n\t\t\t\t\t<p>WESLEY FERREIRA DA SILVA, formado em Gest\u00e3o P\u00fablica e estudante de Ci\u00eancias Sociais. Militante dos direitos das juventudes, da popula\u00e7\u00e3o negra e da popula\u00e7\u00e3o LGBTQIA+. Atuou \u00e0 frente da Secretaria Executiva dos Conselhos de Direitos da Secretaria de Desenvolvimento Social de Muria\u00e9, al\u00e9m de integrar a equipe de mobiliza\u00e7\u00e3o da Funda\u00e7\u00e3o Getulio Vargas (FGV), no Programa AGP \u2013 A\u00e7\u00e3o Clim\u00e1tica. Atualmente, \u00e9 presidente do Coletivo Diversidade de Muria\u00e9, membro e vice-presidente da mesa diretora do Conselho Estadual de Juventude de Minas Gerais (CEJUVE\/MG). Tamb\u00e9m \u00e9 conselheiro municipal nos Conselhos de Promo\u00e7\u00e3o da Igualdade Racial e dos Direitos das Pessoas LGBTQIA+ de Muria\u00e9.<\/p>\n\t\t\t\t<\/div>\n\t\t\t\n\t\t\t\n\t\t\t\n\t\t\t\t\t<\/div>\n\t\t\t\t\t\t<\/div>\n\t\t\t\t<\/div>\n\t\t\t\t\t<\/div>\n\t\t<\/div>\n\t\t\t\t<div class=\"elementor-column elementor-col-33 elementor-top-column elementor-element elementor-element-b0455b7\" data-id=\"b0455b7\" data-element_type=\"column\">\n\t\t\t<div class=\"elementor-widget-wrap elementor-element-populated\">\n\t\t\t\t\t\t<div class=\"elementor-element elementor-element-5b725c4e elementor-widget__width-initial elementor-widget elementor-widget-wpzoom-elementor-addons-team-members\" data-id=\"5b725c4e\" data-element_type=\"widget\" data-widget_type=\"wpzoom-elementor-addons-team-members.default\">\n\t\t\t\t<div class=\"elementor-widget-container\">\n\t\t\t\t\t\n\t\t\t\t\t<figure class=\"wpz-member-figure\">\n\t\t\t\t<img decoding=\"async\" width=\"175\" height=\"244\" src=\"https:\/\/juventudes.social.mg.gov.br\/wp-content\/uploads\/2026\/04\/ester-new1.jpg\" class=\"elementor-animation-disable-animation attachment-medium size-medium wp-image-9415\" alt=\"\" sizes=\"100vw\" \/>\t\t\t<\/figure>\n\t\t\n\t\t<div class=\"wpz-member-body\">\n\t\t\t<h2 class=\"wpz-member-name\">Ester Borges Oliveira<\/h2>\n\t\t\t\t\t\t\t<div class=\"wpz-member-position\">SECRET\u00c1RIa GERAL (governamental)<\/div>\n\t\t\t\n\t\t\t\t\t\t\t<div class=\"wpz-member-bio\">\n\t\t\t\t\t<p>Ester Borges Oliveira \u00e9 formada em Educa\u00e7\u00e3o F\u00edsica, com p\u00f3s-gradua\u00e7\u00e3o em Administra\u00e7\u00e3o P\u00fablica e Gest\u00e3o de Projetos. Atua como militante dos direitos das mulheres, da comunidade e das juventudes.\n\nAtualmente, \u00e9 Diretora da Lei de Incentivo ao Esporte do Estado de Minas Gerais, desempenhando papel estrat\u00e9gico na gest\u00e3o e no fortalecimento das pol\u00edticas p\u00fablicas de esporte.\n\n\u00c9 membro do Conselho Estadual de Juventude de Minas Gerais (CEJUVE\/MG) e exerce a fun\u00e7\u00e3o de Secret\u00e1ria-Geral da Mesa Diretora, contribuindo ativamente para a promo\u00e7\u00e3o da participa\u00e7\u00e3o social e para a constru\u00e7\u00e3o de pol\u00edticas p\u00fablicas voltadas \u00e0s juventudes.<\/p>\n\t\t\t\t<\/div>\n\t\t\t\n\t\t\t\n\t\t\t\n\t\t\t\t\t<\/div>\n\t\t\t\t\t\t<\/div>\n\t\t\t\t<\/div>\n\t\t\t\t\t<\/div>\n\t\t<\/div>\n\t\t\t\t\t<\/div>\n\t\t<\/section>\n\t\t<div class=\"elementor-element elementor-element-8cbc808 e-flex e-con-boxed e-con e-parent\" data-id=\"8cbc808\" data-element_type=\"container\">\n\t\t\t\t\t<div class=\"e-con-inner\">\n\t\t\t\t<div class=\"elementor-element elementor-element-1bfb027 elementor-widget elementor-widget-text-editor\" data-id=\"1bfb027\" data-element_type=\"widget\" data-widget_type=\"text-editor.default\">\n\t\t\t\t<div class=\"elementor-widget-container\">\n\t\t\t\t\t\t\t\t\t<p style=\"text-align: center;\"><a href=\"https:\/\/juventudes.social.mg.gov.br\/?attachment_id=9375\">Termo de posse da mesa diretora &#8211; 2026<\/a><\/p>\t\t\t\t\t\t\t\t<\/div>\n\t\t\t\t<\/div>\n\t\t\t\t\t<\/div>\n\t\t\t\t<\/div>\n\t\t\t\t<section class=\"elementor-section elementor-top-section elementor-element elementor-element-a62f21c elementor-section-boxed elementor-section-height-default elementor-section-height-default\" data-id=\"a62f21c\" data-element_type=\"section\" data-settings=\"{&quot;background_background&quot;:&quot;classic&quot;}\">\n\t\t\t\t\t\t<div class=\"elementor-container elementor-column-gap-no\">\n\t\t\t\t\t<div class=\"elementor-column elementor-col-100 elementor-top-column elementor-element elementor-element-c981c8d\" data-id=\"c981c8d\" data-element_type=\"column\">\n\t\t\t<div class=\"elementor-widget-wrap elementor-element-populated\">\n\t\t\t\t\t\t<div class=\"elementor-element elementor-element-5a75e26 elementor-widget elementor-widget-heading\" data-id=\"5a75e26\" data-element_type=\"widget\" data-widget_type=\"heading.default\">\n\t\t\t\t<div class=\"elementor-widget-container\">\n\t\t\t\t\t<h2 class=\"elementor-heading-title elementor-size-default\">MANDATO <br>2023-2024<\/h2>\t\t\t\t<\/div>\n\t\t\t\t<\/div>\n\t\t\t\t\t<\/div>\n\t\t<\/div>\n\t\t\t\t\t<\/div>\n\t\t<\/section>\n\t\t\t\t<section class=\"elementor-section elementor-top-section elementor-element elementor-element-8ca2662 elementor-section-boxed elementor-section-height-default elementor-section-height-default\" data-id=\"8ca2662\" data-element_type=\"section\" data-settings=\"{&quot;background_background&quot;:&quot;classic&quot;}\">\n\t\t\t\t\t\t<div class=\"elementor-container elementor-column-gap-custom\">\n\t\t\t\t\t<div class=\"elementor-column elementor-col-33 elementor-top-column elementor-element elementor-element-5562c03\" data-id=\"5562c03\" data-element_type=\"column\">\n\t\t\t<div class=\"elementor-widget-wrap elementor-element-populated\">\n\t\t\t\t\t\t<div class=\"elementor-element elementor-element-5e6fa10 elementor-widget elementor-widget-wpzoom-elementor-addons-team-members\" data-id=\"5e6fa10\" data-element_type=\"widget\" data-widget_type=\"wpzoom-elementor-addons-team-members.default\">\n\t\t\t\t<div class=\"elementor-widget-container\">\n\t\t\t\t\t\n\t\t\t\t\t<figure class=\"wpz-member-figure\">\n\t\t\t\t<img fetchpriority=\"high\" decoding=\"async\" width=\"691\" height=\"1024\" src=\"https:\/\/juventudes.social.mg.gov.br\/wp-content\/uploads\/2023\/09\/3-691x1024.png\" class=\"elementor-animation-disable-animation attachment-large size-large wp-image-6769\" alt=\"\" srcset=\"https:\/\/juventudes.social.mg.gov.br\/wp-content\/uploads\/2023\/09\/3-691x1024.png 691w, https:\/\/juventudes.social.mg.gov.br\/wp-content\/uploads\/2023\/09\/3-203x300.png 203w, https:\/\/juventudes.social.mg.gov.br\/wp-content\/uploads\/2023\/09\/3-768x1138.png 768w, https:\/\/juventudes.social.mg.gov.br\/wp-content\/uploads\/2023\/09\/3-1037x1536.png 1037w, https:\/\/juventudes.social.mg.gov.br\/wp-content\/uploads\/2023\/09\/3-600x889.png 600w, https:\/\/juventudes.social.mg.gov.br\/wp-content\/uploads\/2023\/09\/3.png 1080w\" sizes=\"100vw\" \/>\t\t\t<\/figure>\n\t\t\n\t\t<div class=\"wpz-member-body\">\n\t\t\t<h2 class=\"wpz-member-name\">B\u00e1rbara Abras<\/h2>\n\t\t\t\t\t\t\t<div class=\"wpz-member-position\">PRESIDENTE (GOVERNAMENTAL)<\/div>\n\t\t\t\n\t\t\t\t\t\t\t<div class=\"wpz-member-bio\">\n\t\t\t\t\t<p>Barbara Queiroz Abras Franco, 25 anos, graduanda em Administra\u00e7\u00e3o de Empresas pela Universidade Fumec. <br><br>Atuou desde o in\u00edcio de sua carreira na iniciativa privada, com enfoque no relacionamento e experi\u00eancia do cliente e implanta\u00e7\u00e3o de projetos.<br><br>Apesar disso sempre se manteve interessada na pol\u00edtica e no desenvolvimento social, por esta raz\u00e3o come\u00e7ou trabalhos volunt\u00e1rios nas institui\u00e7\u00f5es Students For Liberty Brasil e Partido NOVO.<br><br>Atualmente \u00e9 assessora de gabinete na Secretaria de Estado de Desenvolvimento Social, e volunt\u00e1ria Secret\u00e1ria Geral da Juventude NOVO BR.<br><br>B\u00e1rbara tem interesse em assuntos como comportamento humano, desenvolvimento social, econ\u00f4mico e ambiental sustent\u00e1veis, liberalismo e gest\u00e3o de projetos. <br><br>Ela se coloca \u00e0 disposi\u00e7\u00e3o de toda a juventude mineira!<\/p>\n\t\t\t\t<\/div>\n\t\t\t\n\t\t\t\n\t\t\t\t\t\t\t<div class=\"wpz-member-links\">\n\t\t\t\t\t<a target=\"_blank\" rel=\"noopener\" href=\"https:\/\/www.instagram.com\/barbara.abras\/\" class=\"elementor-repeater-item-46b7917\"><i class=\"fa-instagram fab\" aria-hidden=\"true\"><\/i><\/a>\t\t\t\t<\/div>\n\t\t\t\n\t\t\t\t\t<\/div>\n\t\t\t\t\t\t<\/div>\n\t\t\t\t<\/div>\n\t\t\t\t\t<\/div>\n\t\t<\/div>\n\t\t\t\t<div class=\"elementor-column elementor-col-33 elementor-top-column elementor-element elementor-element-640f68d\" data-id=\"640f68d\" data-element_type=\"column\">\n\t\t\t<div class=\"elementor-widget-wrap elementor-element-populated\">\n\t\t\t\t\t\t<div class=\"elementor-element elementor-element-052be07 elementor-widget elementor-widget-wpzoom-elementor-addons-team-members\" data-id=\"052be07\" data-element_type=\"widget\" data-widget_type=\"wpzoom-elementor-addons-team-members.default\">\n\t\t\t\t<div class=\"elementor-widget-container\">\n\t\t\t\t\t\n\t\t\t\t\t<figure class=\"wpz-member-figure\">\n\t\t\t\t<img decoding=\"async\" src=\"https:\/\/juventudes.social.mg.gov.br\/wp-content\/uploads\/2023\/09\/2-1.png\" title=\"2\" alt=\"2\" class=\"elementor-animation-disable-animation\" loading=\"lazy\" \/>\t\t\t<\/figure>\n\t\t\n\t\t<div class=\"wpz-member-body\">\n\t\t\t<h2 class=\"wpz-member-name\">C\u00e9sar P\u00e9ret<\/h2>\n\t\t\t\t\t\t\t<div class=\"wpz-member-position\">VICE-PRESIDENTE (SOC. CIVIL)<\/div>\n\t\t\t\n\t\t\t\t\t\t\t<div class=\"wpz-member-bio\">\n\t\t\t\t\t<p>Estudante de Direito, ativista e Vice-Presidente do Conselho de Juventude do Governo de MG, coordenador do F\u00f3rum das Juventudes Mineiras sobre o Novo&nbsp;Ensino&nbsp;M\u00e9dio.<\/p>\n\t\t\t\t<\/div>\n\t\t\t\n\t\t\t\n\t\t\t\t\t\t\t<div class=\"wpz-member-links\">\n\t\t\t\t\t<a target=\"_blank\" rel=\"noopener\" href=\"https:\/\/www.instagram.com\/cesarperet\/\" class=\"elementor-repeater-item-7faa19b\"><i class=\"fa-instagram fab\" aria-hidden=\"true\"><\/i><\/a>\t\t\t\t<\/div>\n\t\t\t\n\t\t\t\t\t<\/div>\n\t\t\t\t\t\t<\/div>\n\t\t\t\t<\/div>\n\t\t\t\t\t<\/div>\n\t\t<\/div>\n\t\t\t\t<div class=\"elementor-column elementor-col-33 elementor-top-column elementor-element elementor-element-7636302\" data-id=\"7636302\" data-element_type=\"column\">\n\t\t\t<div class=\"elementor-widget-wrap elementor-element-populated\">\n\t\t\t\t\t\t<div class=\"elementor-element elementor-element-a4da63a elementor-widget__width-initial elementor-widget elementor-widget-wpzoom-elementor-addons-team-members\" data-id=\"a4da63a\" data-element_type=\"widget\" data-widget_type=\"wpzoom-elementor-addons-team-members.default\">\n\t\t\t\t<div class=\"elementor-widget-container\">\n\t\t\t\t\t\n\t\t\t\t\t<figure class=\"wpz-member-figure\">\n\t\t\t\t<img loading=\"lazy\" decoding=\"async\" width=\"2048\" height=\"2048\" src=\"https:\/\/juventudes.social.mg.gov.br\/wp-content\/uploads\/2023\/09\/1-2048x2048.png\" class=\"elementor-animation-disable-animation attachment-2048x2048 size-2048x2048 wp-image-6767\" alt=\"\" srcset=\"https:\/\/juventudes.social.mg.gov.br\/wp-content\/uploads\/2023\/09\/1-2048x2048.png 2048w, https:\/\/juventudes.social.mg.gov.br\/wp-content\/uploads\/2023\/09\/1-150x150.png 150w, https:\/\/juventudes.social.mg.gov.br\/wp-content\/uploads\/2023\/09\/1-800x800.png 800w\" sizes=\"100vw\" \/>\t\t\t<\/figure>\n\t\t\n\t\t<div class=\"wpz-member-body\">\n\t\t\t<h2 class=\"wpz-member-name\">Luiz Felipe Caus<\/h2>\n\t\t\t\t\t\t\t<div class=\"wpz-member-position\">SECRET\u00c1RIO GERAL (SOC. CIVIL)<\/div>\n\t\t\t\n\t\t\t\t\t\t\t<div class=\"wpz-member-bio\">\n\t\t\t\t\t<p>Luiz Felipe De Albergaria Caus, 29 anos\nformado em Engenharia Civil pela Universidade Fumec e pela University of Miami\nterminou recentemente sua p\u00f3s gradua\u00e7\u00e3o em Gest\u00e3o de Neg\u00f3cios pela Funda\u00e7\u00e3o Dom Cabral.<br><br>\nAtualmente membro da CDL Jovem, Luiz Felipe \u00e9 descendente de carpinteiro, e come\u00e7ou a trabalhar desde crian\u00e7a na carpintaria do av\u00f4.<br><br>\nDe volta ao Brasil em 2017, Luiz Felipe aceitou o desafio de recupera\u00e7\u00e3o da empresa Macal Madeiras, que estava a beira da fal\u00eancia.<br><br>\nDesde ent\u00e3o, a Macal Madeiras expandiu mais de 10x , transformando-se em um dos principais players do Brasil.<br><br>\nApaixonado por aventuras em montanha, acredita que o Brasil \u00e9 o melhor pa\u00eds do mundo&nbsp;para&nbsp;se&nbsp;viver.<\/p>\n\t\t\t\t<\/div>\n\t\t\t\n\t\t\t\n\t\t\t\t\t\t\t<div class=\"wpz-member-links\">\n\t\t\t\t\t<a target=\"_blank\" rel=\"noopener\" href=\"https:\/\/www.instagram.com\/cejuvemg\/\" class=\"elementor-repeater-item-d5e97b9\"><i class=\"fa-instagram fab\" aria-hidden=\"true\"><\/i><\/a>\t\t\t\t<\/div>\n\t\t\t\n\t\t\t\t\t<\/div>\n\t\t\t\t\t\t<\/div>\n\t\t\t\t<\/div>\n\t\t\t\t\t<\/div>\n\t\t<\/div>\n\t\t\t\t\t<\/div>\n\t\t<\/section>\n\t\t<div class=\"elementor-element elementor-element-1f2917e e-flex e-con-boxed e-con e-parent\" data-id=\"1f2917e\" data-element_type=\"container\">\n\t\t\t\t\t<div class=\"e-con-inner\">\n\t\t\t\t<div class=\"elementor-element elementor-element-c44382b elementor-widget elementor-widget-spacer\" data-id=\"c44382b\" data-element_type=\"widget\" data-widget_type=\"spacer.default\">\n\t\t\t\t<div class=\"elementor-widget-container\">\n\t\t\t\t\t\t\t<div class=\"elementor-spacer\">\n\t\t\t<div class=\"elementor-spacer-inner\"><\/div>\n\t\t<\/div>\n\t\t\t\t\t\t<\/div>\n\t\t\t\t<\/div>\n\t\t\t\t\t<\/div>\n\t\t\t\t<\/div>\n\t\t\t\t<\/div>\n\t\t","protected":false},"excerpt":{"rendered":"<p>MANDATO VIGENTE2024-2026 Gabriel Queiroz da Rocha PRESIDENTE (governamental) GABRIEL QUEIROZ DA ROCHA, 22 anos, graduando em Administra\u00e7\u00e3o pela Universidade Federal de Minas Gerais (UFMG). Atua no setor p\u00fablico h\u00e1 mais de tr\u00eas anos na Secretaria de Estado de Desenvolvimento Econ\u00f4mico (SEDE), com passagens pela Diretoria de Atra\u00e7\u00e3o de Investimentos, pela Diretoria de Inova\u00e7\u00e3o Aberta e, &hellip; <\/p>\n<p class=\"link-more\"><a href=\"https:\/\/juventudes.social.mg.gov.br\/?page_id=6692\" class=\"more-link\">Leia mais<span class=\"screen-reader-text\"> &#8220;Mesa Diretora&#8221;<\/span><\/a><\/p>\n","protected":false},"author":1,"featured_media":7579,"parent":5592,"menu_order":0,"comment_status":"closed","ping_status":"closed","template":"page-templates\/full-width-builder-bb.php","meta":{"footnotes":""},"class_list":["post-6692","page","type-page","status-publish","has-post-thumbnail","hentry"],"aioseo_notices":[],"featured_media_urls":{"thumbnail":["https:\/\/juventudes.social.mg.gov.br\/wp-content\/uploads\/2023\/09\/MARCA-4-150x150.png",150,150,true],"medium":["https:\/\/juventudes.social.mg.gov.br\/wp-content\/uploads\/2023\/09\/MARCA-4-300x169.png",300,169,true],"medium_large":["https:\/\/juventudes.social.mg.gov.br\/wp-content\/uploads\/2023\/09\/MARCA-4-768x432.png",768,432,true],"large":["https:\/\/juventudes.social.mg.gov.br\/wp-content\/uploads\/2023\/09\/MARCA-4-1024x576.png",950,534,true],"1536x1536":["https:\/\/juventudes.social.mg.gov.br\/wp-content\/uploads\/2023\/09\/MARCA-4-1536x864.png",1536,864,true],"2048x2048":["https:\/\/juventudes.social.mg.gov.br\/wp-content\/uploads\/2023\/09\/MARCA-4-2048x2048.png",2048,2048,true],"inspiro-featured-image":["https:\/\/juventudes.social.mg.gov.br\/wp-content\/uploads\/2023\/09\/MARCA-4-2000x1125.png",2000,1125,true],"inspiro-loop":["https:\/\/juventudes.social.mg.gov.br\/wp-content\/uploads\/2023\/09\/MARCA-4-950x320.png",950,320,true],"inspiro-loop@2x":["https:\/\/juventudes.social.mg.gov.br\/wp-content\/uploads\/2023\/09\/MARCA-4-1900x640.png",1900,640,true],"portfolio_item-thumbnail":["https:\/\/juventudes.social.mg.gov.br\/wp-content\/uploads\/2023\/09\/MARCA-4-600x400.png",600,400,true],"portfolio_item-thumbnail@2x":["https:\/\/juventudes.social.mg.gov.br\/wp-content\/uploads\/2023\/09\/MARCA-4-1200x800.png",1200,800,true],"portfolio_item-masonry":["https:\/\/juventudes.social.mg.gov.br\/wp-content\/uploads\/2023\/09\/MARCA-4-600x338.png",600,338,true],"portfolio_item-masonry@2x":["https:\/\/juventudes.social.mg.gov.br\/wp-content\/uploads\/2023\/09\/MARCA-4-1200x675.png",1200,675,true],"portfolio_item-thumbnail_cinema":["https:\/\/juventudes.social.mg.gov.br\/wp-content\/uploads\/2023\/09\/MARCA-4-800x335.png",800,335,true],"portfolio_item-thumbnail_portrait":["https:\/\/juventudes.social.mg.gov.br\/wp-content\/uploads\/2023\/09\/MARCA-4-600x900.png",600,900,true],"portfolio_item-thumbnail_portrait@2x":["https:\/\/juventudes.social.mg.gov.br\/wp-content\/uploads\/2023\/09\/MARCA-4-1200x1080.png",1200,1080,true],"portfolio_item-thumbnail_square":["https:\/\/juventudes.social.mg.gov.br\/wp-content\/uploads\/2023\/09\/MARCA-4-800x800.png",800,800,true]},"_links":{"self":[{"href":"https:\/\/juventudes.social.mg.gov.br\/index.php?rest_route=\/wp\/v2\/pages\/6692","targetHints":{"allow":["GET"]}}],"collection":[{"href":"https:\/\/juventudes.social.mg.gov.br\/index.php?rest_route=\/wp\/v2\/pages"}],"about":[{"href":"https:\/\/juventudes.social.mg.gov.br\/index.php?rest_route=\/wp\/v2\/types\/page"}],"author":[{"embeddable":true,"href":"https:\/\/juventudes.social.mg.gov.br\/index.php?rest_route=\/wp\/v2\/users\/1"}],"replies":[{"embeddable":true,"href":"https:\/\/juventudes.social.mg.gov.br\/index.php?rest_route=%2Fwp%2Fv2%2Fcomments&post=6692"}],"version-history":[{"count":51,"href":"https:\/\/juventudes.social.mg.gov.br\/index.php?rest_route=\/wp\/v2\/pages\/6692\/revisions"}],"predecessor-version":[{"id":9418,"href":"https:\/\/juventudes.social.mg.gov.br\/index.php?rest_route=\/wp\/v2\/pages\/6692\/revisions\/9418"}],"up":[{"embeddable":true,"href":"https:\/\/juventudes.social.mg.gov.br\/index.php?rest_route=\/wp\/v2\/pages\/5592"}],"wp:featuredmedia":[{"embeddable":true,"href":"https:\/\/juventudes.social.mg.gov.br\/index.php?rest_route=\/wp\/v2\/media\/7579"}],"wp:attachment":[{"href":"https:\/\/juventudes.social.mg.gov.br\/index.php?rest_route=%2Fwp%2Fv2%2Fmedia&parent=6692"}],"curies":[{"name":"wp","href":"https:\/\/api.w.org\/{rel}","templated":true}]}}